{"id":11133,"date":"2023-02-22T19:34:37","date_gmt":"2023-02-22T16:34:37","guid":{"rendered":"https:\/\/whitelotusbodrum.com\/?page_id=11133"},"modified":"2023-07-18T00:12:11","modified_gmt":"2023-07-17T21:12:11","slug":"our-monthly-workshops","status":"publish","type":"page","link":"https:\/\/whitelotusbodrum.com\/tr\/our-monthly-workshops\/","title":{"rendered":"Kamp Programlar\u0131m\u0131z"},"content":{"rendered":"<div class=\"vc_row wpb_row vc_row-fluid eltd-section eltd-content-aligment-left\" style=\"\"><div class=\"clearfix eltd-full-section-inner\"><div class=\"wpb_column vc_column_container vc_col-sm-12 vc_col-lg-12 vc_col-md-12\"><div class=\"vc_column-inner\"><div class=\"wpb_wrapper\"><div class=\"vc_empty_space\"   style=\"height: 50px\"><span class=\"vc_empty_space_inner\"><\/span><\/div><div class=\"eltd-section-title-outer-holder\" style=\"text-align: center\">\n\n    \t<div class=\"eltd-section-title-title-holder\">\n\t\t<h2 class=\"eltd-section-title\" style=\";;;;;;;\">\n\t\t\tKamp Programlar\u0131\t\t<\/h2>\n\t<\/div>\n    \t<span class=\"eltd-title-separator\"><\/span>\n    \n<\/div><div class=\"vc_empty_space\"   style=\"height: 50px\"><span class=\"vc_empty_space_inner\"><\/span><\/div><div class=\"eltd-accordion-holder clearfix eltd-toggle eltd-initial\">\n\t<h4 class=\"clearfix eltd-title-holder\">\n\t<span class=\"eltd-accordion-mark eltd-left-mark\">\n\t\t<span class=\"eltd-accordion-mark-icon\">\n\t\t\t<span class=\"icon_plus\"><\/span>\n\t\t\t<span class=\"icon_minus-06\"><\/span>\n\t\t<\/span>\n\t<\/span>\n\t<span class=\"eltd-tab-title\">\n\t\t<span class=\"eltd-tab-title-inner\">\n\t\t\tAyurvedik Yemek At\u00f6lyesi (15 - 19 Nisan 2023)\t\t<\/span>\n\t<\/span>\n<\/h4>\n<div class=\"eltd-accordion-content\" >\n\t<div class=\"eltd-accordion-content-inner\">\n\t\t\n\t<div class=\"wpb_text_column wpb_content_element\" >\n\t\t<div class=\"wpb_wrapper\">\n\t\t\t<h3 style=\"text-align: center;\"><strong>Ayurvedik Yemek At\u00f6lyesi<\/strong><\/h3>\n<h4 style=\"text-align: center; font-size: 16px; padding: 10px;\">15 Nisan Cumartesi - 19 Nisan \u00c7ar\u015famba<\/h4>\n<h4 style=\"text-align: center; font-size: 16px; padding: 10px;\"><img loading=\"lazy\" decoding=\"async\" class=\"alignnone size-medium wp-image-11144\" src=\"https:\/\/whitelotusbodrum.com\/wp-content\/uploads\/2023\/03\/WhatsApp-Image-2023-03-16-at-15.14.14.jpeg\" alt=\"\" width=\"201\" height=\"300\" \/><br \/>\nPratap ile Birlikte<\/h4>\n<p>&nbsp;<\/p>\n<ul style=\"font-size: 16px; margin-left: 20px;\">\n<li style=\"text-align: left;\">3 Saat Ayurvedik Pi\u015firme At\u00f6lyesi<\/li>\n<li style=\"text-align: left;\">Meditasyon<\/li>\n<li style=\"text-align: left;\">Nefes Seans\u0131<\/li>\n<li style=\"text-align: left;\">David taraf\u0131ndan Sound Healing<\/li>\n<li style=\"text-align: left; font-weight: bold;\">. . .<\/li>\n<\/ul>\n<p>&nbsp;<\/p>\n<h4 style=\"font-size: 16px; padding: 10px; margin-top: 10px; text-transform: none; text-align: left;\">Ayurveda \u201cya\u015fam bilimi\u201d anlam\u0131na gelmektedir. Hindistan\u2019\u0131n geleneksel sa\u011fl\u0131k sistemlerinden biri olan ayurveda, yo\u011fun olarak bitkisel tedavilere dayan\u0131r ve sa\u011fl\u0131kl\u0131 bir ya\u015fam tarz\u0131na ba\u011fl\u0131 ya\u015famay\u0131 \u00f6nerir.<\/h4>\n<h4 style=\"font-size: 16px; padding: 10px; margin-top: 10px; text-transform: none; text-align: left;\">Ayurvedik yemek, v\u00fccut tipimize g\u00f6re yemek yemeyi ve g\u0131dan\u0131n ila\u00e7 oldu\u011funu \u00f6ne s\u00fcren bir g\u0131da terapisidir.<\/h4>\n<h4 style=\"font-size: 16px; padding: 10px; margin-top: 10px; text-transform: none; text-align: left;\">Ayurvedik pi\u015firme at\u00f6lyemiz; ayurvedik beslenmenin tan\u0131t\u0131m\u0131n\u0131 vererek, g\u00fcnl\u00fck ya\u015famda kendinize en uygun \u015fekilde pratik ipu\u00e7lar\u0131 ile uyarlaman\u0131z\u0131 ama\u00e7lar.<\/h4>\n<h4 style=\"font-size: 16px; padding: 10px; margin-top: 10px; text-transform: none; text-align: left;\">Bu konuda uzman Doktor Pratap ve \u015fefi at\u00f6lyemizde sizlerle bilgilenmeyi ve sa\u011fl\u0131kl\u0131 ayurvedik yemekler pi\u015firirken keyifli vakit ge\u00e7irmeyi arzuluyoruz.<\/h4>\n<h4 style=\"font-size: 16px; padding: 10px; margin-top: 10px; text-transform: none; text-align: left;\"><strong>PRATAP<\/strong><\/h4>\n<h4 style=\"font-size: 16px; padding: 10px; margin-top: 10px; text-transform: none; text-align: left;\">Alternatif t\u0131p detoks ve sa\u011fl\u0131kl\u0131 ya\u015fam yoluyla ya\u015fam tarz\u0131 bozukluklar\u0131n\u0131n ba\u015far\u0131yla tedavi edilmesinde uzun bir ge\u00e7mi\u015fe sahiptir.<\/h4>\n<h4 style=\"font-size: 16px; padding: 10px; margin-top: 10px; text-transform: none; text-align: left;\">Dr. Kosglendra Pratap\u2019\u0131n Holistik sa\u011fl\u0131k sekt\u00f6r\u00fcnde 12 y\u0131ldan fazla deneyimi vard\u0131r. Hindistan\u2019da ayurvedik ve cerrahi t\u0131p derecesine sahiptir(BAMS ayurvedik t\u0131p ve cerrahi t\u0131p lisans derecesi)<\/h4>\n<h4 style=\"font-size: 16px; padding: 10px; margin-top: 10px; text-transform: none; text-align: left;\">Kadim t\u0131p ve sa\u011fl\u0131kl\u0131 ya\u015fam alan\u0131ndaki g\u00fcncel trendler hakk\u0131nda kapsaml\u0131 bilgisi vardir.\nMaster\u0131n\u0131 ya\u015fam bilimi ve meditasyon alan\u0131nda yapm\u0131\u015ft\u0131r.\nBeslenme yoga konusunda uzmand\u0131r ve naturopati sertifikas\u0131 vard\u0131r.<\/h4>\n\n\t\t<\/div>\n\t<\/div>\n<div class=\"vc_empty_space\"   style=\"height: 32px\"><span class=\"vc_empty_space_inner\"><\/span><\/div><div class=\"vc_empty_space\"   style=\"height: 32px\"><span class=\"vc_empty_space_inner\"><\/span><\/div><a href=\"https:\/\/api.whatsapp.com\/send?phone=905075793531&#038;text=Ayurvedik%20Yemek%20At\u00f6lyesi\" target=\"_self\" style=\"margin: 0px 0px 0px 70px\" class=\"eltd-btn eltd-btn-medium eltd-btn-solid eltd-btn-icon eltd-btn-gradient_hover\"  >\n    <span class=\"eltd-btn-text\">Rezervasyon<\/span>\n    <i class=\"eltd-icon-font-awesome fa fa-whatsapp\" ><\/i><\/a>\t<\/div>\n<\/div><\/div><div class=\"vc_empty_space\"   style=\"height: 20px\"><span class=\"vc_empty_space_inner\"><\/span><\/div><div class=\"eltd-accordion-holder clearfix eltd-toggle eltd-initial\">\n\t<h4 class=\"clearfix eltd-title-holder\">\n\t<span class=\"eltd-accordion-mark eltd-left-mark\">\n\t\t<span class=\"eltd-accordion-mark-icon\">\n\t\t\t<span class=\"icon_plus\"><\/span>\n\t\t\t<span class=\"icon_minus-06\"><\/span>\n\t\t<\/span>\n\t<\/span>\n\t<span class=\"eltd-tab-title\">\n\t\t<span class=\"eltd-tab-title-inner\">\n\t\t\tTai Chi Kamp\u0131 (26 - 29 Nisan 2023)\t\t<\/span>\n\t<\/span>\n<\/h4>\n<div class=\"eltd-accordion-content\" >\n\t<div class=\"eltd-accordion-content-inner\">\n\t\t\n\t<div class=\"wpb_text_column wpb_content_element\" >\n\t\t<div class=\"wpb_wrapper\">\n\t\t\t<h3 style=\"text-align: center;\"><strong>Tai Chi Kamp Program\u0131<\/strong><\/h3>\n<h4 style=\"text-align: center; font-size: 16px; padding: 10px;\">26 Nisan \u00c7ar\u015famba - 29 Nisan Cumartesi<\/h4>\n<h4 style=\"text-align: center; font-size: 16px; padding: 10px;\"><img loading=\"lazy\" decoding=\"async\" class=\"alignnone size-medium wp-image-11143\" src=\"https:\/\/whitelotusbodrum.com\/wp-content\/uploads\/2023\/02\/WhatsApp-Image-2023-02-18-at-15.24.24-5-209x300.jpeg\" alt=\"\" width=\"209\" height=\"300\" srcset=\"https:\/\/whitelotusbodrum.com\/wp-content\/uploads\/2023\/02\/WhatsApp-Image-2023-02-18-at-15.24.24-5-209x300.jpeg 209w, https:\/\/whitelotusbodrum.com\/wp-content\/uploads\/2023\/02\/WhatsApp-Image-2023-02-18-at-15.24.24-5-714x1024.jpeg 714w, https:\/\/whitelotusbodrum.com\/wp-content\/uploads\/2023\/02\/WhatsApp-Image-2023-02-18-at-15.24.24-5-8x12.jpeg 8w, https:\/\/whitelotusbodrum.com\/wp-content\/uploads\/2023\/02\/WhatsApp-Image-2023-02-18-at-15.24.24-5.jpeg 719w\" sizes=\"auto, (max-width: 209px) 100vw, 209px\" \/> \u00a0<img loading=\"lazy\" decoding=\"async\" class=\"alignnone size-medium wp-image-11144\" src=\"https:\/\/whitelotusbodrum.com\/wp-content\/uploads\/2023\/02\/WhatsApp-Image-2023-02-18-at-15.24.24-6-201x300.jpeg\" alt=\"\" width=\"201\" height=\"300\" srcset=\"https:\/\/whitelotusbodrum.com\/wp-content\/uploads\/2023\/02\/WhatsApp-Image-2023-02-18-at-15.24.24-6-201x300.jpeg 201w, https:\/\/whitelotusbodrum.com\/wp-content\/uploads\/2023\/02\/WhatsApp-Image-2023-02-18-at-15.24.24-6-687x1024.jpeg 687w, https:\/\/whitelotusbodrum.com\/wp-content\/uploads\/2023\/02\/WhatsApp-Image-2023-02-18-at-15.24.24-6-8x12.jpeg 8w, https:\/\/whitelotusbodrum.com\/wp-content\/uploads\/2023\/02\/WhatsApp-Image-2023-02-18-at-15.24.24-6.jpeg 719w\" sizes=\"auto, (max-width: 201px) 100vw, 201px\" \/><br \/>\nAli Top ile birlikte<\/h4>\n<p>&nbsp;<\/p>\n<ul style=\"font-size: 16px; margin-left: 20px;\">\n<li style=\"text-align: left;\">Tai Chi Felsefesi<\/li>\n<li style=\"text-align: left;\">Teorik Bilgi, Temel E\u011fitim ve Nefes Denetimi<\/li>\n<li style=\"text-align: left;\">Tai Chi Temel Duru\u015flar ve Ad\u0131mlar<\/li>\n<li style=\"text-align: left;\">Tai Chi 8 Form<\/li>\n<li class=\"li1\" style=\"text-align: left;\">Tai Chi 40 Form (Ali Top Taraf\u0131ndan)<\/li>\n<li style=\"text-align: left;\">Ba Duan Ching Teorik Bilgiler<\/li>\n<li style=\"text-align: left;\">Ba Duan Ching ve Qigong \u00c7al\u0131\u015fmas\u0131 (Dokuman\u0131n 8 \u0130pli\u011fi)<\/li>\n<li style=\"text-align: left;\">Qigong 5 Hayvan \u00c7al\u0131\u015fmas\u0131<\/li>\n<li style=\"text-align: left;\">Meditasyon<\/li>\n<li style=\"text-align: left;\">Tai Chi Felsefesi \u00dczerine Sohbetler<\/li>\n<li style=\"text-align: left;\">Ses \u00c7anaklar\u0131 Meditasyonu<\/li>\n<li style=\"text-align: left;\">Mandala<\/li>\n<li style=\"text-align: left;\">Do\u011fa Y\u00fcr\u00fcy\u00fc\u015fleri<\/li>\n<li style=\"text-align: left; font-weight: bold;\">. . .<\/li>\n<\/ul>\n<p>&nbsp;<\/p>\n<h4 style=\"font-size: 16px; padding: 10px; margin-top: 10px; text-transform: none; text-align: left;\">Tai Chi enerjinin dans\u0131d\u0131r ve kelime anlam\u0131 \u201dson geli\u015fmi\u015f enerji tekni\u011fi \u00e7al\u0131\u015fmas\u0131\u201dd\u0131r. Taoizm felsefesinin hayata ge\u00e7mi\u015f canl\u0131 halidir.<br \/>\nTai Chi ile ama\u00e7lanan hedef bedenimize birikmi\u015f gereksiz negatif enerjileri d\u0131\u015far\u0131 atmak, olumlu enerjiyi bedene \u00e7ekmek ve dengelenmek i\u00e7in yap\u0131lan bir enerji \u00e7al\u0131\u015fmas\u0131d\u0131r.<br \/>\nQigong ve Tai Chi prensip olarak ayn\u0131 ama\u00e7lar\u0131 g\u00fctse de k\u00f6kleri birbirinden farkl\u0131d\u0131r.\nQigong\u2019da hedef sa\u011falt\u0131m yani egzersiz ve nefes denetimleriyle de\u011fi\u015fik hastal\u0131klara kar\u015f\u0131 yap\u0131lan bir sa\u011falt\u0131m \u00e7al\u0131\u015fmas\u0131d\u0131r. Ayn\u0131 zamanda mevcut olan sa\u011fl\u0131\u011f\u0131 korumaya y\u00f6nelik de uygulan\u0131r.<\/h4>\n<h4 style=\"font-size: 16px; padding: 10px; text-transform: none; text-align: left;\">Kat\u0131l\u0131m sertifikas\u0131 verilmektedir.<\/h4>\n<h4 style=\"font-size: 16px; padding: 10px; margin-top: 10px; text-transform: none; text-align: left;\"><strong>AL\u0130 TOP<\/strong><\/h4>\n<h4 style=\"font-size: 16px; padding: 10px; margin-top: 10px; text-transform: none; text-align: left;\">27.03.1960 Bodrum do\u011fumludur. 1970\u2019de Almanya\u2019ya ta\u015f\u0131n\u0131p Uzakdo\u011fu sporlar\u0131yla tan\u0131\u015fmas\u0131 ise 12 ya\u015f\u0131ndayken tekvando ile ba\u015flar. Kung fu, wing chun, tai chi ve kickboks ile devam etmi\u015f ve kickboksun her dal\u0131nda d\u00f6v\u00fc\u015fm\u00fc\u015ft\u00fcr. Sonras\u0131nda tamamen wushu \u2013 kungfu alan\u0131na y\u00f6nelerek ustala\u015fm\u0131\u015ft\u0131r.<\/h4>\n<h4 style=\"font-size: 16px; padding: 10px; margin-top: 10px; text-transform: none; text-align: left;\">2001\u2019de T\u00fcrkiye\u2019ye d\u00f6nerek 2006\u2019da Bodrum Wushu Merkezi\u2019ni a\u00e7t\u0131. Halen bu merkezde e\u015fi ve \u00e7ocuklar\u0131 ile birlikte Wushu, yoga ve pilates e\u011fitimleri vermektedir.<\/h4>\n<h4 style=\"font-size: 16px; padding: 10px; margin-top: 10px; text-transform: none; text-align: left;\">4. Kademe Duan diplomas\u0131na ve 4. Kademe Antren\u00f6rl\u00fck diplomas\u0131na sahiptir.<\/h4>\n<h4 style=\"font-size: 16px; padding: 10px; margin-top: 10px; text-transform: none; text-align: left;\">T\u00fcrkiye Wushu Kung Fu Federasyonu Mu\u011fla \u0130l Temsilcisidir ve T\u00fcrkiye Wushu Federasyonu Milli Tak\u0131m Antren\u00f6r\u00fcd\u00fcr.<\/h4>\n<h4 style=\"font-size: 16px; padding: 10px; margin-top: 10px; text-transform: none; text-align: left;\" class=\" translation-block\">2022 Avrupa Wushu \u015eampiyonas\u0131- Baji Quan stili Veteranlar \u2013 Avrupa 1.si Taiji Quan 2016 Uluslararas\u0131 Wushu \u015eampiyonas\u0131 Tai Chi stili 2.si\nWing Chun 1.si<br>\n2009 T\u00fcrkiye Wushu \u015eampiyonas\u0131\tGeleneksel Taiji Quan stili- B\u00fcy\u00fckler T\u00fcrkiye 1.si\nTai Chi Jian stili T\u00fcrkiye 2.si\nGeleneksel Wushu Uzun Sopa T\u00fcrkiye 3.s\u00fc Dullian T\u00fcrkiye 2.si<br>\n2008 T\u00fcrkiye Wushu \u015eampiyonas\u0131\tGeleneksel Taiji Quan stili- B\u00fcy\u00fckler T\u00fcrkiye 2.si\nTai Chi Jien stili T\u00fcrkiye 2.si<br>\n2007 T\u00fcrkiye Wushu \u015eampiyonas\u0131\tGeleneksel Taiji Quan stili- B\u00fcy\u00fckler T\u00fcrkiye 1.si<\/h4>\n\n\t\t<\/div>\n\t<\/div>\n<div class=\"vc_empty_space\"   style=\"height: 32px\"><span class=\"vc_empty_space_inner\"><\/span><\/div><a href=\"https:\/\/api.whatsapp.com\/send?phone=905075793531&#038;text=Taichi%20Camp%20Program\" target=\"_self\" style=\"margin: 0px 0px 0px 70px\" class=\"eltd-btn eltd-btn-medium eltd-btn-solid eltd-btn-icon eltd-btn-gradient_hover\"  >\n    <span class=\"eltd-btn-text\">Rezervasyon<\/span>\n    <i class=\"eltd-icon-font-awesome fa fa-whatsapp\" ><\/i><\/a>\t<\/div>\n<\/div><\/div><div class=\"vc_empty_space\"   style=\"height: 20px\"><span class=\"vc_empty_space_inner\"><\/span><\/div><div class=\"eltd-accordion-holder clearfix eltd-toggle eltd-initial\">\n\t<h4 class=\"clearfix eltd-title-holder\">\n\t<span class=\"eltd-accordion-mark eltd-left-mark\">\n\t\t<span class=\"eltd-accordion-mark-icon\">\n\t\t\t<span class=\"icon_plus\"><\/span>\n\t\t\t<span class=\"icon_minus-06\"><\/span>\n\t\t<\/span>\n\t<\/span>\n\t<span class=\"eltd-tab-title\">\n\t\t<span class=\"eltd-tab-title-inner\">\n\t\t\tB\u00fct\u00fcnsel Sa\u011fl\u0131k i\u00e7in 5 Element Sistemi ve Dans Kamp\u0131 (4 - 7 May\u0131s 2023)\t\t<\/span>\n\t<\/span>\n<\/h4>\n<div class=\"eltd-accordion-content\" >\n\t<div class=\"eltd-accordion-content-inner\">\n\t\t\n\t<div class=\"wpb_text_column wpb_content_element\" >\n\t\t<div class=\"wpb_wrapper\">\n\t\t\t<h3 style=\"text-align: center;\">B\u00fct\u00fcnsel Sa\u011fl\u0131k i\u00e7in 5 Element Sistemi ve Dans Kamp\u0131<\/h3>\n<h4 style=\"text-align: center; font-size: 16px; padding: 10px;\">4 May\u0131s Per\u015fembe - 7 May\u0131s Pazar<\/h4>\n<h4 style=\"text-align: center; font-size: 16px; padding: 10px;\"><img loading=\"lazy\" decoding=\"async\" class=\"alignnone size-medium wp-image-11143\" src=\"https:\/\/whitelotusbodrum.com\/wp-content\/uploads\/2023\/03\/WhatsApp-Image-2023-03-04-at-15.03.49.jpeg\" alt=\"\" width=\"209\" height=\"300\" \/><br \/>\n\u00c7i\u00e7ek Ar\u0131y\u00fcrek ile birlikte<\/h4>\n<p>&nbsp;<\/p>\n<ul style=\"font-size: 16px; margin-left: 20px;\">\n<li style=\"text-align: left;\">5 Element Hakk\u0131nda Temel Bilgiler ve Elementlerin, Organlar\u0131m\u0131z ve Duygular\u0131m\u0131z \u00dczerindeki Etkileri<\/li>\n<li style=\"text-align: left;\">5 Elementin Temsil Etti\u011fi Enerjiyle Uyumlanma ve Dans<\/li>\n<li style=\"text-align: left;\">Do\u011fa \u0130\u00e7inde Uzun Ya\u015fam Egzersizleri<\/li>\n<li style=\"text-align: left;\">5 Element Sembollerinin Boyanmas\u0131 ve Mini Sergi<\/li>\n<li style=\"text-align: left; font-weight: bold;\">. . .<\/li>\n<\/ul>\n<div class=\"vc_empty_space\" style=\"height: 50px;\"><\/div>\n<p><img loading=\"lazy\" decoding=\"async\" class=\"size-medium wp-image-11144 aligncenter\" src=\"https:\/\/whitelotusbodrum.com\/wp-content\/uploads\/2023\/02\/WhatsApp-Image-2023-02-21-at-12.41.27.jpeg\" alt=\"\" width=\"201\" height=\"300\" \/><\/p>\n<div class=\"vc_empty_space\" style=\"height: 50px;\"><\/div>\n<h4 style=\"font-size: 16px; padding: 10px; margin-top: 10px; text-transform: none; text-align: left;\">Geleneksel \u00c7in T\u0131bb\u0131na g\u00f6re 5 Element, Su, Ate\u015f, Tahta, Metal ve Topraktan olu\u015fur. Elementler Do\u011fan\u0131n ve bedende bulunan organ sistemlerinin temel bile\u015fenleridir.<\/h4>\n<h4 style=\"font-size: 16px; padding: 10px; margin-top: 10px; text-transform: none; text-align: left;\">Do\u011fa b\u00fcy\u00fck Evren ( Makrokozmoz) ve insan k\u00fc\u00e7\u00fck evrendir. ( Mikrokozmoz)<\/h4>\n<h4 style=\"font-size: 16px; padding: 10px; margin-top: 10px; text-transform: none; text-align: left;\">T\u0131pk\u0131 do\u011fada oldu\u011fu gibi, bizlerde t\u00fcm elementleri i\u00e7imizde bar\u0131nd\u0131r\u0131r\u0131z.<br><br>\nB\u00fct\u00fcnsel sa\u011fl\u0131\u011f\u0131m\u0131z i\u00e7in, her elementin kendine ait enerji ve erdemlerini hayat\u0131m\u0131za nas\u0131l uyarlayabiliriz ?<\/h4>\n<h4 style=\"font-size: 16px; padding: 10px; margin-top: 10px; text-transform: none; text-align: left;\">Dans\u0131n ve Hareketin iyile\u015ftirici ve d\u00f6n\u00fc\u015ft\u00fcr\u00fcc\u00fc g\u00fcc\u00fcyle, ya\u015fam\u0131m\u0131zda dengeye ula\u015fabilmek ve psikolojik diren\u00e7lili\u011fimizi art\u0131rabilmek i\u00e7in, haydi sen de gel, kat\u0131l bize!<\/h4>\n<h4 style=\"font-size: 16px; padding: 10px; margin-top: 10px; text-transform: none; text-align: left;\">*At\u00f6lye boyunca,  D\u00fcnya m\u00fczikleri e\u015fli\u011finde, serbest do\u011fa\u00e7lama dans te\u015fvik edilecektir. \u00d6nceden bir dans ge\u00e7mi\u015fi aranmamaktad\u0131r.<\/h4>\n<h4 style=\"font-size: 16px; padding: 10px; margin-top: 10px; text-transform: none; text-align: left;\"><strong>\u00c7i\u00e7ek Ar\u0131y\u00fcrek Kimdir?<\/strong><\/h4>\n<h4 style=\"font-size: 16px; padding: 10px; margin-top: 10px; text-transform: none; text-align: left;\">8 Nisan 1973 y\u0131l\u0131nda Lyon Fransa\u2019da do\u011fdum.<\/h4>\n<h4 style=\"font-size: 16px; padding: 10px; margin-top: 10px; text-transform: none; text-align: left;\">\u00c7ocuklu\u011fum ve gen\u00e7lik y\u0131llar\u0131m hep dansla i\u00e7i\u00e7e ge\u00e7ti. Klasik Bale ve T\u00fcrk Halk Oyunlar\u0131 ilgi alan\u0131md\u0131.<\/h4>\n<h4 style=\"font-size: 16px; padding: 10px; margin-top: 10px; text-transform: none; text-align: left;\">\u00dcniversite sonras\u0131, Uluslararas\u0131 Lojistik sekt\u00f6r\u00fcnde 23 y\u0131l \u00e7al\u0131\u015ft\u0131m. D\u00fcnyan\u0131n bir\u00e7ok \u00fclkesine i\u015f seyahatlerim oldu.<\/h4>\n<h4 style=\"font-size: 16px; padding: 10px; margin-top: 10px; text-transform: none; text-align: left;\">Ve sonra, kalbimin sesini dinleyerek \u00e7ocuklu\u011fumdan bu yana tutkum olan dans\u0131n pe\u015finden gitmeye karar verdim.<\/h4>\n<h4 style=\"font-size: 16px; padding: 10px; margin-top: 10px; text-transform: none; text-align: left;\">Yeti\u015fkinler i\u00e7in Klasik Bale e\u011fitimiyle e\u015fzamanl\u0131 olarak Modern Dans ve 5 Rhythms Dans\u0131 ki\u015fisel geli\u015fimimde (ben asl\u0131nda buna ki\u015fisel b\u00fcy\u00fcme s\u00fcrecim demek istiyorum) apayr\u0131 bir alan a\u00e7t\u0131.<\/h4>\n<h4 style=\"font-size: 16px; padding: 10px; margin-top: 10px; text-transform: none; text-align: left;\" class=\" translation-block\">Mimar Sinan \u00dcniversitesi \u00c7a\u011fda\u015f Dans B\u00f6l\u00fcm\u00fcnde  \u2018\u2019Dans ve Hareket Terapileri\u2019\u2019e\u011fitimiyle Dans-Psikoloji ve Bedensel Fark\u0131ndal\u0131k konular\u0131na \u00f6zel bir ilgi duymaya ba\u015flad\u0131m.\nYurti\u00e7i ve Yurtd\u0131\u015f\u0131nda alan\u0131nda tan\u0131nan bir\u00e7ok yerli ve yabanc\u0131 dans\u00e7\u0131, e\u011fitmen ve koreograf ile beraber \u00e7al\u0131\u015fma imkan\u0131m oldu.<\/h4>\n<h4 style=\"font-size: 16px; padding: 10px; margin-top: 10px; text-transform: none; text-align: left;\">Bunlardan baz\u0131lar\u0131;<\/h4>\n<h4 style=\"font-size: 16px; padding: 10px; margin-top: 10px; text-transform: none; text-align: left;\">Alexa Schmidt (Switzerland- Turkey)<br \/>\nAlper Marangoz (Turkey)<br \/>\nAndrew Wojtal (USA)<br \/>\nAntonio Ruz (Spain)<br \/>\nAy\u015fe Kutlu Sun (Turkey)<br \/>\nBerrak Yedek (Czech Republic)<br \/>\nEvrim Akyay (Turkey)<br \/>\nFranz Andrini (Slovenia- India-Turkey)<br \/>\nGizem Bilgen (Turkey)<br \/>\nHumanhood (UK, Spain)<br \/>\nJesus de Vega (Netherlands)<br \/>\nLerna Babikyan (Turkey)<br \/>\nMarcia Plevin (Italy)<br \/>\nNick Hobbs (Wales-Turkey)<br \/>\n\u00d6nder \u00c7evik (Turkey)<br \/>\nSevin Seda G\u00fcney (Turkey)<br \/>\nThomas Lebrun (France)<br \/>\nTu\u011f\u00e7e Tuna (Turkey)<br \/>\nZeynep \u00c7atay (Turkey-USA)<\/h4>\n<h4 style=\"font-size: 16px; padding: 10px; margin-top: 10px; text-transform: none; text-align: left;\">Temmuz 2018\u2019de Fransa\u2019da Festival Dansez Maintenant kapsam\u0131nda 12 farkl\u0131 \u00fclkeden gelen 25 profesyonel dans\u00e7\u0131yla beraber T\u00fcrkiye\u2019yi temsil ederek performans deneyimim de oldu.<\/h4>\n<h4 style=\"font-size: 16px; padding: 10px; margin-top: 10px; text-transform: none; text-align: left;\">Dans, hareket ve dinamik meditasyon , hayat\u0131ma ger\u00e7ekten \u00e7ok \u015fey katt\u0131.<\/h4>\n<h4 style=\"font-size: 16px; padding: 10px; margin-top: 10px; text-transform: none; text-align: left;\">(\u00d6zg\u00fcven, \u00d6zsayg\u0131, D\u00fcr\u00fcstl\u00fck, \u0130leti\u015fim becerileri ve Ki\u015fisel Disiplin, \u00d6nyarg\u0131lardan kurtulma, \u0130nsanlara ve \u00c7evreye dair duyarl\u0131l\u0131k bunlardan sadece birka\u00e7\u0131)<\/h4>\n<h4 style=\"font-size: 16px; padding: 10px; margin-top: 10px; text-transform: none; text-align: left;\">Ve art\u0131k \u00f6\u011frendiklerimi payla\u015fma zaman\u0131\u2026<\/h4>\n\n\t\t<\/div>\n\t<\/div>\n<div class=\"vc_empty_space\"   style=\"height: 32px\"><span class=\"vc_empty_space_inner\"><\/span><\/div><div class=\"vc_empty_space\"   style=\"height: 32px\"><span class=\"vc_empty_space_inner\"><\/span><\/div><a href=\"https:\/\/api.whatsapp.com\/send?phone=905075793531&#038;text=5%20Element%20\u0130le%20Dans%20Kamp%20Program\u0131\" target=\"_self\" style=\"margin: 0px 0px 0px 70px\" class=\"eltd-btn eltd-btn-medium eltd-btn-solid eltd-btn-icon eltd-btn-gradient_hover\"  >\n    <span class=\"eltd-btn-text\">Rezervasyon<\/span>\n    <i class=\"eltd-icon-font-awesome fa fa-whatsapp\" ><\/i><\/a>\t<\/div>\n<\/div><\/div><div class=\"vc_empty_space\"   style=\"height: 20px\"><span class=\"vc_empty_space_inner\"><\/span><\/div><div class=\"eltd-accordion-holder clearfix eltd-toggle eltd-initial\">\n\t<h4 class=\"clearfix eltd-title-holder\">\n\t<span class=\"eltd-accordion-mark eltd-left-mark\">\n\t\t<span class=\"eltd-accordion-mark-icon\">\n\t\t\t<span class=\"icon_plus\"><\/span>\n\t\t\t<span class=\"icon_minus-06\"><\/span>\n\t\t<\/span>\n\t<\/span>\n\t<span class=\"eltd-tab-title\">\n\t\t<span class=\"eltd-tab-title-inner\">\n\t\t\tAile Dizimi \u0130nziva Kamp\u0131 (19 - 21 May\u0131s 2023)\t\t<\/span>\n\t<\/span>\n<\/h4>\n<div class=\"eltd-accordion-content\" >\n\t<div class=\"eltd-accordion-content-inner\">\n\t\t\n\t<div class=\"wpb_text_column wpb_content_element\" >\n\t\t<div class=\"wpb_wrapper\">\n\t\t\t<h3 style=\"text-align: center;\">Aile Dizimi ve \u0130nziva Kamp\u0131<\/h3>\n<h4 style=\"text-align: center; font-size: 16px; padding: 10px;\">19 May\u0131s Cuma - 21 May\u0131s Pazar<\/h4>\n<h4 style=\"text-align: center; font-size: 16px; padding: 10px;\"><img loading=\"lazy\" decoding=\"async\" class=\"alignnone size-medium wp-image-11143\" src=\"https:\/\/whitelotusbodrum.com\/wp-content\/uploads\/2023\/03\/WhatsApp-Image-2023-03-17-at-13.35.23.jpeg\" alt=\"\" width=\"209\" height=\"300\" \/><br \/>\nSeda Rodop Soran ile birlikte<\/h4>\n<p>&nbsp;<\/p>\n<ul style=\"font-size: 16px; margin-left: 20px;\">\n<li style=\"text-align: left;\">Aile Dizimi<\/li>\n<li style=\"text-align: left;\">Rit\u00fceller<\/li>\n<li style=\"text-align: left;\">Meditasyonlar<\/li>\n<li style=\"text-align: left;\">Ses \u00c7anaklar\u0131 ile \u015eifa Seans\u0131<\/li>\n<li style=\"text-align: left;\">Mandala<\/li>\n<li style=\"text-align: left; font-weight: bold;\">. . .<\/li>\n<\/ul>\n<div class=\"vc_empty_space\" style=\"height: 50px;\"><\/div>\n<h4 style=\"font-size: 16px; padding: 10px; margin-top: 10px; text-transform: none; text-align: left;\">Sabahlar\u0131 sinir sistemini reg\u00fcle etmek i\u00e7in somatik hareketler ve mindfulness meditasyonu ile ba\u015fl\u0131yoruz. Aile dizilimi ve egzersizler, sistemik rit\u00fceller ve meditasyon ile devam ediyoruz. Ayr\u0131ca \u00e7anaklarla sound healing, mandala ve \u00e7izim \u00f6zel meditasyonlar\u0131m\u0131z yer alacak.<\/h4>\n<h4 style=\"font-size: 16px; padding: 10px; margin-top: 10px; text-transform: none; text-align: left;\" class=\" translation-block\">Uluslararas\u0131 Aile Dizimi E\u011fitmeni \n2004 y\u0131l\u0131nda bir nefes program\u0131 ile yolculu\u011funa ba\u015flam\u0131\u015ft\u0131r. 2010-2023 y\u0131llar\u0131nda 4 y\u0131l Max ve Alemka Dauskardt, 1 y\u0131l Dr. Anngwyn Just, Svagito Leibermeister, Terry Dika Volchoff ve  1,5 y\u0131l Yishai Gaster\u2019dan uzmanl\u0131k e\u011fitimleri alm\u0131\u015ft\u0131r. 2021 ve 2022 y\u0131llar\u0131nda Uluslararas\u0131 Aile Dizimi Konferans\u0131nda at\u00f6lyeler sunmu\u015f ve 2022-2023 y\u0131l\u0131nda bu konferans\u0131n d\u00fczenledi\u011fi Aile Dizimi Uygulay\u0131c\u0131 E\u011fitiminde uygulay\u0131c\u0131lar i\u00e7in e\u011fitim sunmu\u015ftur. \u015eu anda Yishai Gaster ile 1,5 y\u0131l s\u00fcren uygulay\u0131c\u0131 e\u011fitimi sunmaktad\u0131r. Ayr\u0131ca somatik integral psikoloji ve somatik travma terapi e\u011fitimlerini tamamlam\u0131\u015ft\u0131r. 2009 y\u0131l\u0131nda kurulan Radia Uluslararas\u0131 Aile Dizimi Okulu\u2019nun kurucusudur.<\/h4>\n\n\t\t<\/div>\n\t<\/div>\n<div class=\"vc_empty_space\"   style=\"height: 32px\"><span class=\"vc_empty_space_inner\"><\/span><\/div><div class=\"vc_empty_space\"   style=\"height: 32px\"><span class=\"vc_empty_space_inner\"><\/span><\/div><a href=\"https:\/\/api.whatsapp.com\/send?phone=905075793531&#038;text=Aile%20Dizimi%20ve%20\u0130nziva%20Kamp\u0131\" target=\"_self\" style=\"margin: 0px 0px 0px 70px\" class=\"eltd-btn eltd-btn-medium eltd-btn-solid eltd-btn-icon eltd-btn-gradient_hover\"  >\n    <span class=\"eltd-btn-text\">Rezervasyon<\/span>\n    <i class=\"eltd-icon-font-awesome fa fa-whatsapp\" ><\/i><\/a>\t<\/div>\n<\/div><\/div><div class=\"vc_empty_space\"   style=\"height: 20px\"><span class=\"vc_empty_space_inner\"><\/span><\/div><div class=\"eltd-accordion-holder clearfix eltd-toggle eltd-initial\">\n\t<h4 class=\"clearfix eltd-title-holder\">\n\t<span class=\"eltd-accordion-mark eltd-left-mark\">\n\t\t<span class=\"eltd-accordion-mark-icon\">\n\t\t\t<span class=\"icon_plus\"><\/span>\n\t\t\t<span class=\"icon_minus-06\"><\/span>\n\t\t<\/span>\n\t<\/span>\n\t<span class=\"eltd-tab-title\">\n\t\t<span class=\"eltd-tab-title-inner\">\n\t\t\tAmantara Wellness Ve Nefesli Ya\u015fam Program\u0131 (01 - 04 Haziran 2023)\t\t<\/span>\n\t<\/span>\n<\/h4>\n<div class=\"eltd-accordion-content\" >\n\t<div class=\"eltd-accordion-content-inner\">\n\t\t\n\t<div class=\"wpb_text_column wpb_content_element\" >\n\t\t<div class=\"wpb_wrapper\">\n\t\t\t<h3 style=\"text-align: center;\"><strong>Amantara Wellness Ve Nefesli Ya\u015fam Program\u0131<\/strong><\/h3>\n<h4 style=\"text-align: center; font-size: 16px; padding: 10px;\">1 Haziran Per\u015fembe - 4 Haziran Pazar<\/h4>\n<h4 style=\"text-align: center; font-size: 16px; padding: 10px;\"><img loading=\"lazy\" decoding=\"async\" class=\"alignnone size-medium wp-image-11143\" src=\"https:\/\/whitelotusbodrum.com\/wp-content\/uploads\/2023\/03\/WhatsApp-Image-2023-02-18-at-15.27.33.jpeg\" alt=\"\" width=\"209\" height=\"300\" \/><img loading=\"lazy\" decoding=\"async\" class=\"alignnone size-medium wp-image-11144\" src=\"https:\/\/whitelotusbodrum.com\/wp-content\/uploads\/2023\/03\/WhatsApp-Image-2023-02-18-at-15.27.33-1.jpeg\" alt=\"\" width=\"201\" height=\"300\" \/><br \/>\nAlegra Benardete ve Sema G\u00fcrses ile birlikte<\/h4>\n<p>&nbsp;<\/p>\n<ul style=\"font-size: 16px; margin-left: 20px;\">\n<li style=\"text-align: left;\">Wellness ve Medikal Sohbetler<\/li>\n<li style=\"text-align: left;\">Enerjisel Ar\u0131nma<\/li>\n<li style=\"text-align: left;\">Nefes ile Detoks ve Ar\u0131nma<\/li>\n<li style=\"text-align: left;\">Ses Terapisi<\/li>\n<li style=\"text-align: left;\" class=\" translation-block\">JAAS seanslar\u0131 (<em>Jean Adrian Ar\u0131nma Sistemi ile atalardan, aileden gelen enerjilerin ar\u0131nd\u0131r\u0131lmas\u0131, hayat\u0131m\u0131zdaki engellerin kald\u0131r\u0131lmas\u0131 \u00e7al\u0131\u015fmas\u0131<\/em>)<\/li>\n<li style=\"text-align: left;\">\u015eans, Bolluk ve Bereket Meditasyonlar\u0131<\/li>\n<li style=\"text-align: left;\">Bitkilerin G\u00fcc\u00fc ve Frekanslar<\/li>\n<li style=\"text-align: left;\">Mandala<\/li>\n<li style=\"text-align: left;\">Semboller<\/li>\n<li style=\"text-align: left;\">Ruh \u0130kizini Tan\u0131ma ve \u0130leti\u015fim<\/li>\n<li style=\"text-align: left;\">Astroloji ve D\u00f6ng\u00fcler<\/li>\n<li style=\"text-align: left;\">Fark\u0131ndal\u0131k ve Enerji Y\u00fckselten Oyunlar<\/li>\n<li style=\"text-align: left;\">Da\u011flar\u0131n Aras\u0131nda Antik Kentte Mistik Enerjilerle Bulu\u015fma<\/li>\n<li style=\"text-align: left;\">Do\u011fa Y\u00fcr\u00fcy\u00fc\u015fleri<\/li>\n<li style=\"text-align: left; font-weight: bold;\">. . .<\/li>\n<\/ul>\n<p>&nbsp;<\/p>\n<h4 style=\"font-size: 16px; padding: 10px; margin-top: 10px; text-transform: none; text-align: left;\" class=\" translation-block\">White Lotus  Bodrumda Da\u011fbelen b\u00f6lgesinin e\u015fsiz \u015fifa dolu alan\u0131nda   bilim ve mistisizimi birle\u015ftirerek olu\u015fturdu\u011fumuz  kendini iyi hissetme halini deneyimleyerek, iyi ya\u015fam\u0131n anahtar\u0131na sahip olacaks\u0131n\u0131z. Ayn\u0131 zamanda detoks etkisi yaratan bir dizi \u00e7al\u0131\u015fma ile bedenin \u015fifas\u0131na arac\u0131l\u0131k edece\u011fiz.<br>\n\nBu deneyimsel yolculukta, kullanaca\u011f\u0131m\u0131z bir\u00e7ok de\u011fi\u015fim ve d\u00f6n\u00fc\u015f\u00fcm yaratan ara\u00e7lara sahip olacaks\u0131n\u0131z. Haz\u0131rlad\u0131\u011f\u0131m\u0131z keyifli ak\u0131\u015fta hepsini sizlerle payla\u015faca\u011f\u0131z. Program\u0131m\u0131zda nefes, meditasyon, fiziksel aktiviteler, sesin \u015fifas\u0131, enerji, frekans, semboller, mandala, astrolojik d\u00f6ng\u00fcler, niyetin g\u00fcc\u00fc, fark\u0131ndal\u0131k egzersizleri, enerji y\u00fckselten oyunlar ve s\u00fcrprizlerimiz.. \n<br>\nKendinize yapaca\u011f\u0131n\u0131z  yolculuk en de\u011ferli yolculuktur. Hep beraber yeniden hat\u0131rlayal\u0131m ve keyfini \u00e7\u0131kartal\u0131m.<\/h4>\n<h4 style=\"font-size: 16px; padding: 10px; margin-top: 10px; text-transform: none; text-align: left;\"><strong>ALEGRA BENARDETE<\/strong><\/h4>\n<h4 style=\"font-size: 16px; padding: 10px; margin-top: 10px; text-transform: none; text-align: left;\">Transformal Nefesi K\u0131demli E\u011fitmeni<\/h4>\n<h4 style=\"font-size: 16px; padding: 10px; margin-top: 10px; text-transform: none; text-align: left;\">Born in 1970 in Istanbul, Alegra has worked in various companies in the field of public relations in order to capture the colors of communication in every field. She worked as the Assistant General Manager at Saniva and SERVUS Computer Companies. She also served as assistant general manager in the company, which is a partner of HITACHI DATA Systems.<\/h4>\n<h4 style=\"font-size: 16px; padding: 10px; margin-top: 10px; text-transform: none; text-align: left;\">She started her personal journey in 2006. Opening to the energies of Deeksha and Divine Light, she also practiced healing as a REIKI Master. During this journey, she met in 2008, the founder of the Transformational Breath\u00ae Foundation (TBF), Dr. Completing the training she received from Judith Kravitz, she is the Foundation&#8217;s Senior Instructor. In this process, she had the opportunity to work with many personal development schools and very valuable guides. She met many good guides who made her path easier at RADIA Geli\u015fim and Darga Academy.<\/h4>\n<h4 style=\"font-size: 16px; padding: 10px; margin-top: 10px; text-transform: none; text-align: left;\" class=\" translation-block\">Di\u011fer ald\u0131\u011f\u0131 e\u011fitimlerden baz\u0131lar\u0131:\n\u0130lahi Nur \/Kiera Windrider'dan\nMERKABA e\u011fitmimi Ron La Place 'tan,\nPranic \u015eifa e\u011fitimimi Alan Horne'dan, alm\u0131\u015ft\u0131r.\nABD Kairos Enstit\u00fcs\u00fc Acutonics\u00ae (Sesle \u015eifa) Level 1 &amp; 2 e\u011fitimimi Ron La Place'tan alarak, nefes ve ses \u015fifas\u0131 at\u00f6lyeleri d\u00fczenlemektedir.<\/h4>\n<h4 style=\"font-size: 16px; padding: 10px; margin-top: 10px; text-transform: none; text-align: left;\">Alegra Benardete, kendini ke\u015fif yolculu\u011fu s\u0131ras\u0131nda 2016 y\u0131l\u0131nda i\u00e7sel bir \u00f6ng\u00f6r\u00fc ile ALEGRIA Markas\u0131n\u0131 hayata ge\u00e7irip XVII ismini verdi\u011fi parf\u00fcm\u00fcn\u00fc \u00fcretmi\u015ftir. Bireysel giri\u015fimi, yarat\u0131c\u0131l\u0131k ve motivasyonunu artt\u0131rm\u0131\u015f olup parf\u00fcmeri sekt\u00f6r\u00fcnde de deneyim kazanmas\u0131n\u0131 sa\u011flam\u0131\u015ft\u0131r. Kurumsal ve bireysel at\u00f6lyeler d\u00fczenlemektedir. Alegra Benardete, t\u00fcm \u00e7al\u0131\u015fmalar\u0131n\u0131 yaratt\u0131\u011f\u0131 Nefesli Ya\u015fam Fark\u0131ndal\u0131k At\u00f6lyesi ve Nefesli Ya\u015fam Fark\u0131ndal\u0131k Oyunlar\u0131 At\u00f6lyesinde bir araya getirmi\u015ftir. Bu yolculukta edindi\u011fi k\u0131ymetli deneyimlerini, dan\u0131\u015fanlar\u0131n\u0131n do\u011fru nefes alarak ya\u015famlar\u0131ndaki i\u00e7sel potansiyellerini a\u00e7\u0131\u011fa \u00e7\u0131kartmalar\u0131na yard\u0131mc\u0131 olarak rehberlik yapmaktad\u0131r. Zorlu s\u00fcre\u00e7leri rahat y\u00f6netmek ve yeni bak\u0131\u015f a\u00e7\u0131lar\u0131yla yeni d\u00fcnyayla uyumlu, dengeli ya\u015faman\u0131n anahtar\u0131n\u0131 sunmaya devam etmektedir.<\/h4>\n<h4 style=\"font-size: 16px; padding: 10px; margin-top: 10px; text-transform: none; text-align: left;\"><strong>SEMA TAMER G\u00dcRSES<\/strong><\/h4>\n<h4 style=\"font-size: 16px; padding: 10px; margin-top: 10px; text-transform: none; text-align: left;\">AMANTARA \u0130STANBUL Wellness , Kurucu ve Y\u00f6netim Dan\u0131\u015fman\u0131<\/h4>\n<h4 style=\"font-size: 16px; padding: 10px; margin-top: 10px; text-transform: none; text-align: left;\">Sema Tamer G\u00fcrses 1965 y\u0131l\u0131nda \u00c7orlu'da do\u011fdu.\u0130stanbul \u00dcniversitesi \u0130ktisat Fak\u00fcltesi ve paralelinde Bilgisayar Programlama e\u011fitimlerini tamamlad\u0131.<\/h4>\n<h4 style=\"font-size: 16px; padding: 10px; margin-top: 10px; text-transform: none; text-align: left;\">1985 y\u0131l\u0131nda IBM ile ba\u015flayan i\u015f hayat\u0131 \u0130stanbul Belediye Ba\u015fkan\u0131 ( Bedrettin Dalan ) Bilgi \u0130\u015flem Dan\u0131\u015fmal\u0131\u011f\u0131, \u0130stek Vak\u0131f\u0131 Okullar\u0131n\u0131n sistem kurulumu g\u00f6revleriyle devam etti. 1986 y\u0131l\u0131nda UNILEVER\u2019de IT Y\u00f6necisi olarak i\u015fe ba\u015flay\u0131p ekipleri ile farkl\u0131 i\u015f alanlar\u0131 ve sorumluluklarla, 3 k\u0131ta 36 \u00fclkede IT &amp; Sat\u0131\u015f Sistem kurulumlar\u0131 yapt\u0131.G\u0131da, Temizlik, Kozmetik ve Algida Dondurma gruplar\u0131 sat\u0131\u015f ve IT sistemlerini y\u00f6netti.Sorumluluklar\u0131 aras\u0131nda yer alan Dubai, Abudabi, Emirlikler, Kuwait, Katar, \u0130ran, K\u0131br\u0131s ve t\u00fcm Balkan \u00dclkelerinde IT sistemlerinin kurulumu g\u00f6revini ekipleri ile birlikte 28 y\u0131l y\u00fcr\u00fctt\u00fc.<\/h4>\n<h4 style=\"font-size: 16px; padding: 10px; margin-top: 10px; text-transform: none; text-align: left;\">Daha sonra Lokum \u0130stanbul'da CEO\u2019luk g\u00f6revini \u00fcstlendi.<\/h4>\n<h4 style=\"font-size: 16px; padding: 10px; margin-top: 10px; text-transform: none; text-align: left;\">2012 y\u0131l\u0131ndan itibaren wellness &amp; sa\u011fl\u0131k alan\u0131nda \u00f6nemli doktor ve ekiplerin dan\u0131\u015fmanl\u0131klar\u0131n\u0131 yapt\u0131.Sa\u011fl\u0131k Turizmi ve Klinik Wellness alan\u0131nda Dubai-Abudabi-Katar-Kuwait ba\u015fta olmak \u00fczere d\u00fcnyada konusunda otorite olan ki\u015fi ve firmalar\u0131n \u0130stanbul\u2019da parner lar\u0131 olarak \u00e7al\u0131\u015ft\u0131.<\/h4>\n<h4 style=\"font-size: 16px; padding: 10px; margin-top: 10px; text-transform: none; text-align: left;\">\u015eu anda kurucusu oldu\u011fu yenilebilir do\u011fal kozmetik ve sa\u011fl\u0131kl\u0131 ya\u015fam markas\u0131 olan AMANTARA \u0130STANBUL\u2019da dan\u0131\u015fman ve y\u00f6netici olarak \u00e7al\u0131\u015fmaktad\u0131r.Sa\u011fl\u0131k, do\u011fal \u00fcr\u00fcnler, sa\u011fl\u0131kl\u0131 ve kaliteli ya\u015fam konular\u0131nda \u00f6zel projeler ve \u00fcr\u00fcnler \u00e7al\u0131\u015f\u0131lmaktad\u0131r.<\/h4>\n<h4 style=\"font-size: 16px; padding: 10px; margin-top: 10px; text-transform: none; text-align: left;\">\u0130\u015f geli\u015ftirme, l\u00fcks markalara do\u011fal tasar\u0131mlar ve dan\u0131\u015fmanl\u0131k, kozmetik, do\u011fal ve lokal butik \u00fcr\u00fcnler, sa\u011fl\u0131kl\u0131 beslenme, wellness, kurumsal ko\u00e7luk ve mentorlu\u011fu yapmaktad\u0131r.T\u00fcrkiye\u2019nin lokal de\u011ferlerini, do\u011fas\u0131ndan gelenleri, eski gelenekleri ve \u00fcretimleri, el i\u015fcili\u011fini, rit\u00fcelleri g\u00fcn\u00fcm\u00fcze ta\u015fayarak ya\u015famas\u0131n\u0131 sa\u011flamak projelerinde ana konulard\u0131r.<\/h4>\n<h4 style=\"font-size: 16px; padding: 10px; margin-top: 10px; text-transform: none; text-align: left;\" class=\" translation-block\">Kurumsal i\u015f hayat\u0131 paralelinde \u00e7o\u00e7uklu\u011fundan itibaren ilgi alanlar\u0131 olan enerjiler, beyin g\u00fcc\u00fc, astroloji, mistik uygulamalar, bitkiler konusunda uzun y\u0131llar yurti\u00e7i ve yurtd\u0131\u015f\u0131nda e\u011fitimler alm\u0131\u015ft\u0131r.Pek \u00e7ok uygulama ve e\u011fitimlerin T\u00fcrkiye\u2019deki uygulay\u0131c\u0131s\u0131 ve e\u011fitmenidir.\nUzmanl\u0131k alanlar\u0131 Reconnective Healing ( ABD ), Mistik Astroloji ( Astroloji Okulu - \u00d6ner D\u00f6\u015fer ), Dragonik Astroloji, JAAS Jean Adrian Ar\u0131nma Sistemleri, Enerjiler, Bitkiler, Mandralar &amp; Rit\u00fceller, \u015eamanik Uygulamalar, RUNE Sembolleri, Klinik Well-being yer almaktad\u0131r.<\/h4>\n<h4 style=\"font-size: 16px; padding: 10px; margin-top: 10px; text-transform: none; text-align: left;\">Hep do\u011fa ile simbiyotik olarak ya\u015famak gerekti\u011fine olan inanc\u0131yla do\u011fal ve do\u011fada sa\u011fl\u0131kl\u0131 ya\u015fam konular\u0131nda fark\u0131ndal\u0131klar yaratmaya \u00e7al\u0131\u015fmaktad\u0131r.Uzman doktor ve ekiplerle birlikte hastalanmadan \u00f6nce \u00f6nlem alma, sa\u011fl\u0131kl\u0131 ya\u015f alma, fonsiyonel t\u0131p, sa\u011fl\u0131kl\u0131 ve do\u011fal beslenme, detox, ar\u0131nma vs konular\u0131nda \u00e7ok \u00e7e\u015fitli seminerler, kongreler, programlar yapmaktad\u0131rlar.<\/h4>\n<h4 style=\"font-size: 16px; padding: 10px; margin-top: 10px; text-transform: none; text-align: left;\" class=\" translation-block\">Dan\u0131\u015fman ve e\u011fitmen olarak \u00e7al\u0131\u015fmalar\u0131na wellness merkezleri, oteller, spalar, klinikler vs de devam etmektedir.<\/h4>\n<h4 style=\"font-size: 16px; padding: 10px; margin-top: 10px; text-transform: none; text-align: left;\" class=\" translation-block\">\u00dcretim ve e\u011fitim projeleri s\u0131ras\u0131nda do\u011faya sayg\u0131, kad\u0131n eme\u011fi, k\u0131rsalda projeler, ya\u015fl\u0131lar ve \u00e7ocuklar ile s\u00fcrd\u00fcr\u00fclebilir ya\u015fam politikalar\u0131na destek verilmesi \u00f6n planda tutulmaktad\u0131r.<\/h4>\n\n\t\t<\/div>\n\t<\/div>\n<div class=\"vc_empty_space\"   style=\"height: 32px\"><span class=\"vc_empty_space_inner\"><\/span><\/div><div class=\"vc_empty_space\"   style=\"height: 32px\"><span class=\"vc_empty_space_inner\"><\/span><\/div><a href=\"https:\/\/api.whatsapp.com\/send?phone=905075793531&#038;text=Amantara%20Welness%20Nefesli%20Ya\u015fam%20Bodrum%20Program\u0131\" target=\"_self\" style=\"margin: 0px 0px 0px 70px\" class=\"eltd-btn eltd-btn-medium eltd-btn-solid eltd-btn-icon eltd-btn-gradient_hover\"  >\n    <span class=\"eltd-btn-text\">Rezervasyon<\/span>\n    <i class=\"eltd-icon-font-awesome fa fa-whatsapp\" ><\/i><\/a>\t<\/div>\n<\/div><\/div><div class=\"vc_empty_space\"   style=\"height: 20px\"><span class=\"vc_empty_space_inner\"><\/span><\/div><div class=\"eltd-accordion-holder clearfix eltd-toggle eltd-initial\">\n\t<h4 class=\"clearfix eltd-title-holder\">\n\t<span class=\"eltd-accordion-mark eltd-left-mark\">\n\t\t<span class=\"eltd-accordion-mark-icon\">\n\t\t\t<span class=\"icon_plus\"><\/span>\n\t\t\t<span class=\"icon_minus-06\"><\/span>\n\t\t<\/span>\n\t<\/span>\n\t<span class=\"eltd-tab-title\">\n\t\t<span class=\"eltd-tab-title-inner\">\n\t\t\tSessizlik \u0130nzivas\u0131 (07- 09 Haziran 2023)\t\t<\/span>\n\t<\/span>\n<\/h4>\n<div class=\"eltd-accordion-content\" >\n\t<div class=\"eltd-accordion-content-inner\">\n\t\t\n\t<div class=\"wpb_text_column wpb_content_element\" >\n\t\t<div class=\"wpb_wrapper\">\n\t\t\t<h3 style=\"text-align: center;\"><strong>Sessizlik \u0130nzivas\u0131<\/strong><\/h3>\n<h4 style=\"text-align: center; font-size: 16px; padding: 10px;\">07 Haziran \u00c7ar\u015famba - 09 Haziran Cuma<\/h4>\n<h4 style=\"text-align: center; font-size: 16px; padding: 10px;\"><img loading=\"lazy\" decoding=\"async\" class=\"alignnone size-medium wp-image-11391\" src=\"https:\/\/whitelotusbodrum.com\/wp-content\/uploads\/2023\/04\/WhatsApp-Image-2023-04-12-at-22.13.57-218x300.jpeg\" alt=\"\" width=\"218\" height=\"300\" srcset=\"https:\/\/whitelotusbodrum.com\/wp-content\/uploads\/2023\/04\/WhatsApp-Image-2023-04-12-at-22.13.57-218x300.jpeg 218w, https:\/\/whitelotusbodrum.com\/wp-content\/uploads\/2023\/04\/WhatsApp-Image-2023-04-12-at-22.13.57-9x12.jpeg 9w, https:\/\/whitelotusbodrum.com\/wp-content\/uploads\/2023\/04\/WhatsApp-Image-2023-04-12-at-22.13.57.jpeg 290w\" sizes=\"auto, (max-width: 218px) 100vw, 218px\" \/><br \/>\nJampa Tenzin Kungashar ile birlikte<\/h4>\n<p>&nbsp;<\/p>\n<ul style=\"font-size: 16px; margin-left: 20px;\">\n<li style=\"text-align: left;\">Trul Khor (Tibet Nefes Yogas\u0131) ve G\u00fcndo\u011fumu Meditasyonu<\/li>\n<li style=\"text-align: left;\">Ses Terapisi<\/li>\n<li style=\"text-align: left;\">Mandala<\/li>\n<li style=\"text-align: left;\">Vipassana Meditasyonu<\/li>\n<li style=\"text-align: left;\">Mindfulness Y\u00fcr\u00fcy\u00fc\u015f Meditasyonu<\/li>\n<li style=\"text-align: left; font-weight: bold;\">. . .<\/li>\n<\/ul>\n<h4 style=\"font-size: 16px; padding: 10px; margin-top: 10px; text-transform: none; text-align: left;\" class=\" translation-block\">Tibet nefes yogasi<br \/>\n\u0130\u00e7 nefesimize odaklanarak yap\u0131lan sihirli bir egzersiz \u015feklidir, ayn\u0131 zamanda Yantra Yoga olarak da bilinir. Nefes ve v\u00fccut duru\u015fu kontrol\u00fcnden olu\u015fan <a href=\"https:\/\/en.m.wikipedia.org\/wiki\/Pranayama\" target=\"_self\">Pranayamada<\/a> i\u00e7erir. <br \/><br \/>\nG\u00fcndo\u011fumu Meditasyonu<br \/>\nTibet\u2019teki iki en \u00f6nemi meditasyondan biridir, di\u011feri de Langtodur.<br \/>\nAyn\u0131 zamanda konsantrasyon meditasyonu olarak da bilinir.<\/h4>\n<h4 style=\"font-size: 16px; padding: 10px; margin-top: 10px; text-transform: none; text-align: left;\">Jampa Tenzin KUNGASHAR<\/h4>\n<h4 style=\"font-size: 16px; padding: 10px; margin-top: 10px; text-transform: none; text-align: left;\">Jampa Tenzin KUNGASHAR, 15 Temmuz 1971, Lhasa, Tibet.<\/h4>\n<h4 style=\"font-size: 16px; padding: 10px; margin-top: 10px; text-transform: none; text-align: left;\">Gurusu Khenpo Dorjee Gyaltsen Rinpoche'nin rehberli\u011finde, Budist Felsefesi, Bilim, Rit\u00fceller ve Tantrik \u00c7al\u0131\u015fmalar \u00f6\u011frendi.<\/h4>\n<h4 style=\"font-size: 16px; padding: 10px; margin-top: 10px; text-transform: none; text-align: left;\">\u00d6\u011frenimi boyunca Khenpo Dorjee Gyaltsen Rinpoche ile d\u00fcnyay\u0131 dola\u015f\u0131rken onun \u00f6\u011fretilerini terc\u00fcme etti ve 1994\u2019te vefat edene kadar ona asistanl\u0131k yapt\u0131.<\/h4>\n<h4 style=\"font-size: 16px; padding: 10px; margin-top: 10px; text-transform: none; text-align: left;\">Khenpo Dorjee Gyaltsen\u2019\u0131n di\u011fer \u00f6\u011frencileriyle birlikte Sakya Tashi Ling Barselona, Sakya Drongoling, Denia, Sakya Centre Lyon ve Sakya Ling Pauenhof gibi Avrupa'da bir\u00e7ok Budist merkezi kurdu.<\/h4>\n<h4 style=\"font-size: 16px; padding: 10px; margin-top: 10px; text-transform: none; text-align: left;\">2005 y\u0131l\u0131nda Sakya Kalden Ling Frankfurt'u kurdu ve Budist \u00c7al\u0131\u015fmalar\u0131, Rit\u00fceller, Meditasyon ve \u00c7at\u0131\u015fma ve Stres Dan\u0131\u015fmanl\u0131\u011f\u0131 gibi alanlarda dersler verdi.<\/h4>\n<h4 style=\"font-size: 16px; padding: 10px; margin-top: 10px; text-transform: none; text-align: left;\">Meditasyon E\u011fitmeni, Rit\u00fcel Master, Spirit\u00fcel Dan\u0131\u015fman, Stres celi\u015fki E\u011fitmeni.<\/h4>\n<h4 style=\"font-size: 16px; padding: 10px; margin-top: 10px; text-transform: none; text-align: left;\" class=\" translation-block\">\"Filozof ta\u015f\u0131 <br>\nDemiri alt\u0131na \u00e7evirir;<br>\n\u00dc\u00e7 B\u00fcy\u00fck M\u00fccevherin do\u011fu\u015ftan gelen nimetleri<br>\nTutkuyu saf fark\u0131ndal\u0131\u011fa d\u00f6n\u00fc\u015ft\u00fcr\u00fcr\".<\/h4>\n<h4 style=\"font-size: 16px; padding: 10px; margin-top: 10px; text-transform: none; text-align: left;\">Hepiniz Mutluluk ve Sa\u011fl\u0131\u011f\u0131n Tad\u0131n\u0131 \u00c7\u0131kar\u0131n!<\/h4>\n\n\t\t<\/div>\n\t<\/div>\n<div class=\"vc_empty_space\"   style=\"height: 32px\"><span class=\"vc_empty_space_inner\"><\/span><\/div><div class=\"vc_empty_space\"   style=\"height: 32px\"><span class=\"vc_empty_space_inner\"><\/span><\/div><a href=\"https:\/\/api.whatsapp.com\/send?phone=905075793531&#038;text=Sessizlik%20\u0130nzivas\u0131\" target=\"_self\" style=\"margin: 0px 0px 0px 70px\" class=\"eltd-btn eltd-btn-medium eltd-btn-solid eltd-btn-icon eltd-btn-gradient_hover\"  >\n    <span class=\"eltd-btn-text\">Rezervasyon<\/span>\n    <i class=\"eltd-icon-font-awesome fa fa-whatsapp\" ><\/i><\/a>\t<\/div>\n<\/div><\/div><div class=\"vc_empty_space\"   style=\"height: 20px\"><span class=\"vc_empty_space_inner\"><\/span><\/div><div class=\"eltd-accordion-holder clearfix eltd-toggle eltd-initial\">\n\t<h4 class=\"clearfix eltd-title-holder\">\n\t<span class=\"eltd-accordion-mark eltd-left-mark\">\n\t\t<span class=\"eltd-accordion-mark-icon\">\n\t\t\t<span class=\"icon_plus\"><\/span>\n\t\t\t<span class=\"icon_minus-06\"><\/span>\n\t\t<\/span>\n\t<\/span>\n\t<span class=\"eltd-tab-title\">\n\t\t<span class=\"eltd-tab-title-inner\">\n\t\t\tAile Dizimi \u00c7al\u0131\u015fmas\u0131(Konaklamas\u0131z) (15 - 16 Haziran)\t\t<\/span>\n\t<\/span>\n<\/h4>\n<div class=\"eltd-accordion-content\" >\n\t<div class=\"eltd-accordion-content-inner\">\n\t\t\n\t<div class=\"wpb_text_column wpb_content_element\" >\n\t\t<div class=\"wpb_wrapper\">\n\t\t\t<h3 style=\"text-align: center;\">Aile Dizimi \u00c7al\u0131\u015fmas\u0131(Konaklamas\u0131z)<\/h3>\n<h4 style=\"text-align: center; font-size: 16px; padding: 10px;\">15 Haziran Per\u015fembe - 16 Haziran Cuma<\/h4>\n<h4 style=\"text-align: center; font-size: 16px; padding: 10px;\"><img loading=\"lazy\" decoding=\"async\" class=\"alignnone size-medium wp-image-11143\" src=\"https:\/\/whitelotusbodrum.com\/wp-content\/uploads\/2023\/03\/WhatsApp-Image-2023-03-17-at-13.35.23.jpeg\" alt=\"\" width=\"209\" height=\"300\" \/><br \/>\nSeda Rodop Soran ile birlikte<\/h4>\n<p>&nbsp;<\/p>\n<ul style=\"font-size: 16px; margin-left: 20px;\">\n<li style=\"text-align: left;\">Aile Dizimi<\/li>\n<li style=\"text-align: left;\">Rit\u00fceller<\/li>\n<li style=\"text-align: left;\">Meditasyonlar<\/li>\n<li style=\"text-align: left;\">Ses \u00c7anaklar\u0131 ile \u015eifa Seans\u0131<\/li>\n<li style=\"text-align: left;\">Mandala<\/li>\n<li style=\"text-align: left; font-weight: bold;\">. . .<\/li>\n<\/ul>\n<div class=\"vc_empty_space\" style=\"height: 50px;\"><\/div>\n<h4 style=\"font-size: 16px; padding: 10px; margin-top: 10px; text-transform: none; text-align: left;\">Sabahlar\u0131 sinir sistemini reg\u00fcle etmek i\u00e7in somatik hareketler ve mindfulness meditasyonu ile ba\u015fl\u0131yoruz. Aile dizilimi ve egzersizler, sistemik rit\u00fceller ve meditasyon ile devam ediyoruz. Ayr\u0131ca \u00e7anaklarla sound healing, mandala ve \u00e7izim \u00f6zel meditasyonlar\u0131m\u0131z yer alacak.<\/h4>\n<h4 style=\"font-size: 16px; padding: 10px; margin-top: 10px; text-transform: none; text-align: left;\" class=\" translation-block\">Uluslararas\u0131 Aile Dizimi E\u011fitmeni \n2004 y\u0131l\u0131nda bir nefes program\u0131 ile yolculu\u011funa ba\u015flam\u0131\u015ft\u0131r. 2010-2023 y\u0131llar\u0131nda 4 y\u0131l Max ve Alemka Dauskardt, 1 y\u0131l Dr. Anngwyn Just, Svagito Leibermeister, Terry Dika Volchoff ve  1,5 y\u0131l Yishai Gaster\u2019dan uzmanl\u0131k e\u011fitimleri alm\u0131\u015ft\u0131r. 2021 ve 2022 y\u0131llar\u0131nda Uluslararas\u0131 Aile Dizimi Konferans\u0131nda at\u00f6lyeler sunmu\u015f ve 2022-2023 y\u0131l\u0131nda bu konferans\u0131n d\u00fczenledi\u011fi Aile Dizimi Uygulay\u0131c\u0131 E\u011fitiminde uygulay\u0131c\u0131lar i\u00e7in e\u011fitim sunmu\u015ftur. \u015eu anda Yishai Gaster ile 1,5 y\u0131l s\u00fcren uygulay\u0131c\u0131 e\u011fitimi sunmaktad\u0131r. Ayr\u0131ca somatik integral psikoloji ve somatik travma terapi e\u011fitimlerini tamamlam\u0131\u015ft\u0131r. 2009 y\u0131l\u0131nda kurulan Radia Uluslararas\u0131 Aile Dizimi Okulu\u2019nun kurucusudur.<\/h4>\n\n\t\t<\/div>\n\t<\/div>\n<div class=\"vc_empty_space\"   style=\"height: 32px\"><span class=\"vc_empty_space_inner\"><\/span><\/div><div class=\"vc_empty_space\"   style=\"height: 32px\"><span class=\"vc_empty_space_inner\"><\/span><\/div><a href=\"https:\/\/api.whatsapp.com\/send?phone=905075793531&#038;text=Aile%20Dizimi%20ve%20\u0130nziva%20Kamp\u0131\" target=\"_self\" style=\"margin: 0px 0px 0px 70px\" class=\"eltd-btn eltd-btn-medium eltd-btn-solid eltd-btn-icon eltd-btn-gradient_hover\"  >\n    <span class=\"eltd-btn-text\">Rezervasyon<\/span>\n    <i class=\"eltd-icon-font-awesome fa fa-whatsapp\" ><\/i><\/a>\t<\/div>\n<\/div><\/div><div class=\"vc_empty_space\"   style=\"height: 20px\"><span class=\"vc_empty_space_inner\"><\/span><\/div><div class=\"eltd-accordion-holder clearfix eltd-toggle eltd-initial\">\n\t<h4 class=\"clearfix eltd-title-holder\">\n\t<span class=\"eltd-accordion-mark eltd-left-mark\">\n\t\t<span class=\"eltd-accordion-mark-icon\">\n\t\t\t<span class=\"icon_plus\"><\/span>\n\t\t\t<span class=\"icon_minus-06\"><\/span>\n\t\t<\/span>\n\t<\/span>\n\t<span class=\"eltd-tab-title\">\n\t\t<span class=\"eltd-tab-title-inner\">\n\t\t\tPozitif Enerji &amp; Yoga Kamp\u0131 (23 - 25 Haziran 2023)\t\t<\/span>\n\t<\/span>\n<\/h4>\n<div class=\"eltd-accordion-content\" >\n\t<div class=\"eltd-accordion-content-inner\">\n\t\t\n\t<div class=\"wpb_text_column wpb_content_element\" >\n\t\t<div class=\"wpb_wrapper\">\n\t\t\t<h3 style=\"text-align: center;\"><strong>Pozitif Enerji &amp; Yoga Kamp\u0131<\/strong><\/h3>\n<h4 style=\"text-align: center; font-size: 16px; padding: 10px;\">23 Haziran Cuma - 25 Haziran Pazar<\/h4>\n<h4 style=\"text-align: center; font-size: 16px; padding: 10px;\"><img loading=\"lazy\" decoding=\"async\" class=\"alignnone size-medium wp-image-11143\" src=\"https:\/\/whitelotusbodrum.com\/wp-content\/uploads\/2023\/03\/WhatsApp-Image-2023-02-18-at-11.42.57.jpeg\" alt=\"\" width=\"209\" height=\"300\" \/><img loading=\"lazy\" decoding=\"async\" class=\"alignnone size-medium wp-image-11144\" src=\"https:\/\/whitelotusbodrum.com\/wp-content\/uploads\/2023\/03\/WhatsApp-Image-2023-02-18-at-11.42.58.jpeg\" alt=\"\" width=\"201\" height=\"300\" \/><br \/>\nEce Vahapo\u011flu ile birlikte<\/h4>\n<p>&nbsp;<\/p>\n<ul style=\"font-size: 16px; margin-left: 20px;\">\n<li style=\"text-align: left;\">Yoga ile Ruh, Zihin ve Beden Dengeleme<\/li>\n<li style=\"text-align: left;\">Enerji Y\u00fckseltme Yogas\u0131<\/li>\n<li style=\"text-align: left;\">Aura Temizli\u011fi<\/li>\n<li style=\"text-align: left;\">Elementlerle Dans<\/li>\n<li style=\"text-align: left;\">Ses Terapisi<\/li>\n<li style=\"text-align: left;\">\u015eifa Meditasyonlar\u0131<\/li>\n<li style=\"text-align: left;\">Mutluluk \u00c7al\u0131\u015fmas\u0131<\/li>\n<li style=\"text-align: left;\">Mandala<\/li>\n<li>Temel Yoga (Her seviyeye uygun)<\/li>\n<li style=\"text-align: left; font-weight: bold;\">. . .<\/li>\n<\/ul>\n<p>&nbsp;<\/p>\n<h4 style=\"font-size: 16px; padding: 10px; margin-top: 10px; text-transform: none; text-align: left;\">Wellness ve Yoga e\u011fitmeni Ece Vahapo\u011flu ile, pozitif enerjimizi y\u00fckseltmek , yoga ile bedenimizi \u015fifaland\u0131r\u0131p , ruh, beden ve zihin dengesini kurmak i\u00e7in harika bir kamp.<\/h4>\n<h4 style=\"font-size: 16px; padding: 10px; margin-top: 10px; text-transform: none; text-align: left;\"><strong>ECE VAHAPOGLU<\/strong><\/h4>\n<h4 style=\"font-size: 16px; padding: 10px; margin-top: 10px; text-transform: none; text-align: left;\">Author, Master of Ceremony, Wellness &amp; Yoga Trainer<\/h4>\n<h4 style=\"font-size: 16px; padding: 10px; margin-top: 10px; text-transform: none; text-align: left;\">1978\u2019de \u0130stanbul\u2019da do\u011fan Ece Vahapo\u011flu, \u0130\u015fletme okudu\u011fu The American University of Rome\u2019u 2000 y\u0131l\u0131nda birincilikle bitirdi.<\/h4>\n<h4 style=\"font-size: 16px; padding: 10px; margin-top: 10px; text-transform: none; text-align: left;\">Fransa IEHEI\u2019de AB ve Uluslararas\u0131 \u0130li\u015fkiler y\u00fcksek lisans\u0131 yapt\u0131.<\/h4>\n<h4 style=\"font-size: 16px; padding: 10px; margin-top: 10px; text-transform: none; text-align: left;\">2001 y\u0131l\u0131nda JC Derne\u011fi taraf\u0131ndan \u201cT\u00fcrkiye\u2019nin En Ba\u015far\u0131l\u0131 Genci\u201d se\u00e7ildi. ABD D\u0131\u015fi\u015fleri Bakanl\u0131\u011f\u0131\u2019n\u0131n \u2018Uluslararas\u0131 Y\u00fckselen Y\u0131ld\u0131zlar Liderlik Program\u0131\u2019na kat\u0131ld\u0131.<\/h4>\n<h4 style=\"font-size: 16px; padding: 10px; margin-top: 10px; text-transform: none; text-align: left;\">2023 y\u0131l\u0131nda Yale University\u2019den online olarak \u2018wellbeing ve happiness\u2019 \u00fczerine sertifikalar ald\u0131.<\/h4>\n<h4 style=\"font-size: 16px; padding: 10px; margin-top: 10px; text-transform: none; text-align: left;\">\u00c7ok satanlar listelerinde yer alan dokuz ki\u015fisel geli\u015fim kitab\u0131, bir roman\u0131, Sa\u011fl\u0131kl\u0131 Ya\u015fam ve Spor \u00fczerine d\u00f6rt kitab\u0131 var. \u0130lk kitab\u0131 23 ya\u015f\u0131ndayken yay\u0131nland\u0131.<\/h4>\n<h4 style=\"font-size: 16px; padding: 10px; margin-top: 10px; text-transform: none; text-align: left;\">Milliyet, Sabah, Ak\u015fam, Takvim gazetelerinde k\u00f6\u015fe yazarl\u0131\u011f\u0131 ve r\u00f6portajlar yapt\u0131.<\/h4>\n<h4 style=\"font-size: 16px; padding: 10px; margin-top: 10px; text-transform: none; text-align: left;\">Ulusal ve uluslararas\u0131 pek \u00e7ok etkinlikte T\u00fcrk\u00e7e, \u0130ngilizce, Frans\u0131zca ve \u0130talyanca moderat\u00f6rl\u00fck ve sunuculuk yap\u0131yor.<\/h4>\n<h4 style=\"font-size: 16px; padding: 10px; margin-top: 10px; text-transform: none; text-align: left;\">Kendi web sitesi ecevahapoglu.com\u2019un yan\u0131 s\u0131ra CEO Life Dergisi\u2019nde yaz\u0131yor.<\/h4>\n<h4 style=\"font-size: 16px; padding: 10px; margin-top: 10px; text-transform: none; text-align: left;\">Spor, e\u011fitim ve sa\u011fl\u0131k alan\u0131nda sosyal sorumluluk projelerinde yer al\u0131yor.<\/h4>\n<h4 style=\"font-size: 16px; padding: 10px; margin-top: 10px; text-transform: none; text-align: left;\">Sa\u011fl\u0131kl\u0131 ya\u015fam, spor ve beslenme seminerleri veriyor.<\/h4>\n<h4 style=\"font-size: 16px; padding: 10px; margin-top: 10px; text-transform: none; text-align: left;\">Fitness, pilates, yoga ve ko\u015fu ile ilgili spor etkinliklerinde yer al\u0131yor.<\/h4>\n<h4 style=\"font-size: 16px; padding: 10px; margin-top: 10px; text-transform: none; text-align: left;\">Gen\u00e7lik ve Spor Bakanl\u0131\u011f\u0131\u2019na ba\u011fl\u0131 Herkes \u0130\u00e7in Spor Federasyonu\u2019ndan sertifikal\u0131 Wellness ve Yoga E\u011fitmenli\u011fi\u2019nin yan\u0131 s\u0131ra Hamile ve \u00c7ocuk Yogas\u0131 E\u011fitmenli\u011fi uzmanl\u0131k alanlar\u0131 aras\u0131nda yer al\u0131yor.<\/h4>\n<h4 style=\"font-size: 16px; padding: 10px; margin-top: 10px; text-transform: none; text-align: left;\">Wellness, yoga ve di\u015fil enerji \u00fczerine kamplar ve e\u011fitimler d\u00fczenliyor.<\/h4>\n<h4 style=\"font-size: 16px; padding: 10px; margin-top: 10px; text-transform: none; text-align: left;\">Sosyal medyas\u0131n\u0131 aktif kullanan Ece Vahapo\u011flu, y\u00fcksek etkile\u015fimli instagram hesab\u0131nda ve youtube kanal\u0131nda kaliteli i\u00e7erikler payla\u015farak takip\u00e7ilerine ilham oluyor.<\/h4>\n\n\t\t<\/div>\n\t<\/div>\n<div class=\"vc_empty_space\"   style=\"height: 32px\"><span class=\"vc_empty_space_inner\"><\/span><\/div><div class=\"vc_empty_space\"   style=\"height: 32px\"><span class=\"vc_empty_space_inner\"><\/span><\/div><a href=\"https:\/\/api.whatsapp.com\/send?phone=905075793531&#038;text=\u0130yi%20Enerji%20&#038;%20Yoga%20Kamp\u0131\" target=\"_self\" style=\"margin: 0px 0px 0px 70px\" class=\"eltd-btn eltd-btn-medium eltd-btn-solid eltd-btn-icon eltd-btn-gradient_hover\"  >\n    <span class=\"eltd-btn-text\">Rezervasyon<\/span>\n    <i class=\"eltd-icon-font-awesome fa fa-whatsapp\" ><\/i><\/a>\t<\/div>\n<\/div><\/div><div class=\"vc_empty_space\"   style=\"height: 20px\"><span class=\"vc_empty_space_inner\"><\/span><\/div><div class=\"eltd-accordion-holder clearfix eltd-toggle eltd-initial\">\n\t<h4 class=\"clearfix eltd-title-holder\">\n\t<span class=\"eltd-accordion-mark eltd-left-mark\">\n\t\t<span class=\"eltd-accordion-mark-icon\">\n\t\t\t<span class=\"icon_plus\"><\/span>\n\t\t\t<span class=\"icon_minus-06\"><\/span>\n\t\t<\/span>\n\t<\/span>\n\t<span class=\"eltd-tab-title\">\n\t\t<span class=\"eltd-tab-title-inner\">\n\t\t\tAile Dizimi \u00c7al\u0131\u015fmas\u0131 (G\u00fcnl\u00fck) (07 Temmuz 2023)\t\t<\/span>\n\t<\/span>\n<\/h4>\n<div class=\"eltd-accordion-content\" >\n\t<div class=\"eltd-accordion-content-inner\">\n\t\t\n\t<div class=\"wpb_text_column wpb_content_element\" >\n\t\t<div class=\"wpb_wrapper\">\n\t\t\t<h3 style=\"text-align: center;\">Aile Dizimi \u00c7al\u0131\u015fmas\u0131 (G\u00fcnl\u00fck)<\/h3>\n<h4 style=\"text-align: center; font-size: 16px; padding: 10px;\">07 Temmuz Cuma<\/h4>\n<h4 style=\"text-align: center; font-size: 16px; padding: 10px;\"><img loading=\"lazy\" decoding=\"async\" class=\"alignnone size-medium wp-image-11143\" src=\"https:\/\/whitelotusbodrum.com\/wp-content\/uploads\/2023\/03\/WhatsApp-Image-2023-03-17-at-13.35.23.jpeg\" alt=\"\" width=\"209\" height=\"300\" \/><br \/>\nSeda Rodop Soran ile birlikte<\/h4>\n<p>&nbsp;<\/p>\n<ul style=\"font-size: 16px; margin-left: 20px;\">\n<li style=\"text-align: left;\">Aile Dizimi<\/li>\n<li style=\"text-align: left;\">Rit\u00fceller<\/li>\n<li style=\"text-align: left;\">Meditasyonlar<\/li>\n<li style=\"text-align: left;\">Ses \u00c7anaklar\u0131 ile \u015eifa Seans\u0131<\/li>\n<li style=\"text-align: left;\">Mandala<\/li>\n<li style=\"text-align: left; font-weight: bold;\">. . .<\/li>\n<\/ul>\n<div class=\"vc_empty_space\" style=\"height: 50px;\"><\/div>\n<h4 style=\"font-size: 16px; padding: 10px; margin-top: 10px; text-transform: none; text-align: left;\">Sabahlar\u0131 sinir sistemini reg\u00fcle etmek i\u00e7in somatik hareketler ve mindfulness meditasyonu ile ba\u015fl\u0131yoruz. Aile dizilimi ve egzersizler, sistemik rit\u00fceller ve meditasyon ile devam ediyoruz. Ayr\u0131ca \u00e7anaklarla sound healing, mandala ve \u00e7izim \u00f6zel meditasyonlar\u0131m\u0131z yer alacak.<\/h4>\n<h4 style=\"font-size: 16px; padding: 10px; margin-top: 10px; text-transform: none; text-align: left;\" class=\" translation-block\">Uluslararas\u0131 Aile Dizimi E\u011fitmeni \n2004 y\u0131l\u0131nda bir nefes program\u0131 ile yolculu\u011funa ba\u015flam\u0131\u015ft\u0131r. 2010-2023 y\u0131llar\u0131nda 4 y\u0131l Max ve Alemka Dauskardt, 1 y\u0131l Dr. Anngwyn Just, Svagito Leibermeister, Terry Dika Volchoff ve  1,5 y\u0131l Yishai Gaster\u2019dan uzmanl\u0131k e\u011fitimleri alm\u0131\u015ft\u0131r. 2021 ve 2022 y\u0131llar\u0131nda Uluslararas\u0131 Aile Dizimi Konferans\u0131nda at\u00f6lyeler sunmu\u015f ve 2022-2023 y\u0131l\u0131nda bu konferans\u0131n d\u00fczenledi\u011fi Aile Dizimi Uygulay\u0131c\u0131 E\u011fitiminde uygulay\u0131c\u0131lar i\u00e7in e\u011fitim sunmu\u015ftur. \u015eu anda Yishai Gaster ile 1,5 y\u0131l s\u00fcren uygulay\u0131c\u0131 e\u011fitimi sunmaktad\u0131r. Ayr\u0131ca somatik integral psikoloji ve somatik travma terapi e\u011fitimlerini tamamlam\u0131\u015ft\u0131r. 2009 y\u0131l\u0131nda kurulan Radia Uluslararas\u0131 Aile Dizimi Okulu\u2019nun kurucusudur.<\/h4>\n\n\t\t<\/div>\n\t<\/div>\n<div class=\"vc_empty_space\"   style=\"height: 32px\"><span class=\"vc_empty_space_inner\"><\/span><\/div><div class=\"vc_empty_space\"   style=\"height: 32px\"><span class=\"vc_empty_space_inner\"><\/span><\/div><a href=\"https:\/\/api.whatsapp.com\/send?phone=905075793531&#038;text=Aile%20Dizimi%20ve%20\u0130nziva%20Kamp\u0131\" target=\"_self\" style=\"margin: 0px 0px 0px 70px\" class=\"eltd-btn eltd-btn-medium eltd-btn-solid eltd-btn-icon eltd-btn-gradient_hover\"  >\n    <span class=\"eltd-btn-text\">Rezervasyon<\/span>\n    <i class=\"eltd-icon-font-awesome fa fa-whatsapp\" ><\/i><\/a>\t<\/div>\n<\/div><\/div><div class=\"vc_empty_space\"   style=\"height: 20px\"><span class=\"vc_empty_space_inner\"><\/span><\/div><div class=\"eltd-accordion-holder clearfix eltd-toggle eltd-initial\">\n\t<h4 class=\"clearfix eltd-title-holder\">\n\t<span class=\"eltd-accordion-mark eltd-left-mark\">\n\t\t<span class=\"eltd-accordion-mark-icon\">\n\t\t\t<span class=\"icon_plus\"><\/span>\n\t\t\t<span class=\"icon_minus-06\"><\/span>\n\t\t<\/span>\n\t<\/span>\n\t<span class=\"eltd-tab-title\">\n\t\t<span class=\"eltd-tab-title-inner\">\n\t\t\tAmantara Wellness Ve Nefesli Ya\u015fam Program\u0131 (08 - 09 Temmuz 2023)\t\t<\/span>\n\t<\/span>\n<\/h4>\n<div class=\"eltd-accordion-content\" >\n\t<div class=\"eltd-accordion-content-inner\">\n\t\t\n\t<div class=\"wpb_text_column wpb_content_element\" >\n\t\t<div class=\"wpb_wrapper\">\n\t\t\t<h3 style=\"text-align: center;\"><strong>Amantara Wellness Ve Nefesli Ya\u015fam Program\u0131<\/strong><\/h3>\n<h4 style=\"text-align: center; font-size: 16px; padding: 10px;\">08 Temmuz Cumartesi - 09 Temmuz Pazar<\/h4>\n<h4 style=\"text-align: center; font-size: 16px; padding: 10px;\"><img loading=\"lazy\" decoding=\"async\" class=\"alignnone size-medium wp-image-11143\" src=\"https:\/\/whitelotusbodrum.com\/wp-content\/uploads\/2023\/03\/WhatsApp-Image-2023-02-18-at-15.27.33.jpeg\" alt=\"\" width=\"209\" height=\"300\" \/><img loading=\"lazy\" decoding=\"async\" class=\"alignnone size-medium wp-image-11144\" src=\"https:\/\/whitelotusbodrum.com\/wp-content\/uploads\/2023\/03\/WhatsApp-Image-2023-02-18-at-15.27.33-1.jpeg\" alt=\"\" width=\"201\" height=\"300\" \/><br \/>\nAlegra Benardete ve Sema G\u00fcrses ile birlikte<\/h4>\n<p>&nbsp;<\/p>\n<ul style=\"font-size: 16px; margin-left: 20px;\">\n<li style=\"text-align: left;\">Wellness ve Medikal Sohbetler<\/li>\n<li style=\"text-align: left;\">Enerjisel Ar\u0131nma<\/li>\n<li style=\"text-align: left;\">Nefes ile Detoks ve Ar\u0131nma<\/li>\n<li style=\"text-align: left;\">Ses Terapisi<\/li>\n<li style=\"text-align: left;\" class=\" translation-block\">JAAS seanslar\u0131 (<em>Jean Adrian Ar\u0131nma Sistemi ile atalardan, aileden gelen enerjilerin ar\u0131nd\u0131r\u0131lmas\u0131, hayat\u0131m\u0131zdaki engellerin kald\u0131r\u0131lmas\u0131 \u00e7al\u0131\u015fmas\u0131<\/em>)<\/li>\n<li style=\"text-align: left;\">\u015eans, Bolluk ve Bereket Meditasyonlar\u0131<\/li>\n<li style=\"text-align: left;\">Bitkilerin G\u00fcc\u00fc ve Frekanslar<\/li>\n<li style=\"text-align: left;\">Mandala<\/li>\n<li style=\"text-align: left;\">Semboller<\/li>\n<li style=\"text-align: left;\">Ruh \u0130kizini Tan\u0131ma ve \u0130leti\u015fim<\/li>\n<li style=\"text-align: left;\">Astroloji ve D\u00f6ng\u00fcler<\/li>\n<li style=\"text-align: left;\">Fark\u0131ndal\u0131k ve Enerji Y\u00fckselten Oyunlar<\/li>\n<li style=\"text-align: left;\">Da\u011flar\u0131n Aras\u0131nda Antik Kentte Mistik Enerjilerle Bulu\u015fma<\/li>\n<li style=\"text-align: left;\">Do\u011fa Y\u00fcr\u00fcy\u00fc\u015fleri<\/li>\n<li style=\"text-align: left; font-weight: bold;\">. . .<\/li>\n<\/ul>\n<p>&nbsp;<\/p>\n<h4 style=\"font-size: 16px; padding: 10px; margin-top: 10px; text-transform: none; text-align: left;\" class=\" translation-block\">White Lotus  Bodrumda Da\u011fbelen b\u00f6lgesinin e\u015fsiz \u015fifa dolu alan\u0131nda   bilim ve mistisizimi birle\u015ftirerek olu\u015fturdu\u011fumuz  kendini iyi hissetme halini deneyimleyerek, iyi ya\u015fam\u0131n anahtar\u0131na sahip olacaks\u0131n\u0131z. Ayn\u0131 zamanda detoks etkisi yaratan bir dizi \u00e7al\u0131\u015fma ile bedenin \u015fifas\u0131na arac\u0131l\u0131k edece\u011fiz.<br>\n\nBu deneyimsel yolculukta, kullanaca\u011f\u0131m\u0131z bir\u00e7ok de\u011fi\u015fim ve d\u00f6n\u00fc\u015f\u00fcm yaratan ara\u00e7lara sahip olacaks\u0131n\u0131z. Haz\u0131rlad\u0131\u011f\u0131m\u0131z keyifli ak\u0131\u015fta hepsini sizlerle payla\u015faca\u011f\u0131z. Program\u0131m\u0131zda nefes, meditasyon, fiziksel aktiviteler, sesin \u015fifas\u0131, enerji, frekans, semboller, mandala, astrolojik d\u00f6ng\u00fcler, niyetin g\u00fcc\u00fc, fark\u0131ndal\u0131k egzersizleri, enerji y\u00fckselten oyunlar ve s\u00fcrprizlerimiz.. \n<br>\nKendinize yapaca\u011f\u0131n\u0131z  yolculuk en de\u011ferli yolculuktur. Hep beraber yeniden hat\u0131rlayal\u0131m ve keyfini \u00e7\u0131kartal\u0131m.<\/h4>\n<h4 style=\"font-size: 16px; padding: 10px; margin-top: 10px; text-transform: none; text-align: left;\"><strong>ALEGRA BENARDETE<\/strong><\/h4>\n<h4 style=\"font-size: 16px; padding: 10px; margin-top: 10px; text-transform: none; text-align: left;\">Transformal Nefesi K\u0131demli E\u011fitmeni<\/h4>\n<h4 style=\"font-size: 16px; padding: 10px; margin-top: 10px; text-transform: none; text-align: left;\">Born in 1970 in Istanbul, Alegra has worked in various companies in the field of public relations in order to capture the colors of communication in every field. She worked as the Assistant General Manager at Saniva and SERVUS Computer Companies. She also served as assistant general manager in the company, which is a partner of HITACHI DATA Systems.<\/h4>\n<h4 style=\"font-size: 16px; padding: 10px; margin-top: 10px; text-transform: none; text-align: left;\">She started her personal journey in 2006. Opening to the energies of Deeksha and Divine Light, she also practiced healing as a REIKI Master. During this journey, she met in 2008, the founder of the Transformational Breath\u00ae Foundation (TBF), Dr. Completing the training she received from Judith Kravitz, she is the Foundation&#8217;s Senior Instructor. In this process, she had the opportunity to work with many personal development schools and very valuable guides. She met many good guides who made her path easier at RADIA Geli\u015fim and Darga Academy.<\/h4>\n<h4 style=\"font-size: 16px; padding: 10px; margin-top: 10px; text-transform: none; text-align: left;\" class=\" translation-block\">Di\u011fer ald\u0131\u011f\u0131 e\u011fitimlerden baz\u0131lar\u0131:\n\u0130lahi Nur \/Kiera Windrider'dan\nMERKABA e\u011fitmimi Ron La Place 'tan,\nPranic \u015eifa e\u011fitimimi Alan Horne'dan, alm\u0131\u015ft\u0131r.\nABD Kairos Enstit\u00fcs\u00fc Acutonics\u00ae (Sesle \u015eifa) Level 1 &amp; 2 e\u011fitimimi Ron La Place'tan alarak, nefes ve ses \u015fifas\u0131 at\u00f6lyeleri d\u00fczenlemektedir.<\/h4>\n<h4 style=\"font-size: 16px; padding: 10px; margin-top: 10px; text-transform: none; text-align: left;\">Alegra Benardete, kendini ke\u015fif yolculu\u011fu s\u0131ras\u0131nda 2016 y\u0131l\u0131nda i\u00e7sel bir \u00f6ng\u00f6r\u00fc ile ALEGRIA Markas\u0131n\u0131 hayata ge\u00e7irip XVII ismini verdi\u011fi parf\u00fcm\u00fcn\u00fc \u00fcretmi\u015ftir. Bireysel giri\u015fimi, yarat\u0131c\u0131l\u0131k ve motivasyonunu artt\u0131rm\u0131\u015f olup parf\u00fcmeri sekt\u00f6r\u00fcnde de deneyim kazanmas\u0131n\u0131 sa\u011flam\u0131\u015ft\u0131r. Kurumsal ve bireysel at\u00f6lyeler d\u00fczenlemektedir. Alegra Benardete, t\u00fcm \u00e7al\u0131\u015fmalar\u0131n\u0131 yaratt\u0131\u011f\u0131 Nefesli Ya\u015fam Fark\u0131ndal\u0131k At\u00f6lyesi ve Nefesli Ya\u015fam Fark\u0131ndal\u0131k Oyunlar\u0131 At\u00f6lyesinde bir araya getirmi\u015ftir. Bu yolculukta edindi\u011fi k\u0131ymetli deneyimlerini, dan\u0131\u015fanlar\u0131n\u0131n do\u011fru nefes alarak ya\u015famlar\u0131ndaki i\u00e7sel potansiyellerini a\u00e7\u0131\u011fa \u00e7\u0131kartmalar\u0131na yard\u0131mc\u0131 olarak rehberlik yapmaktad\u0131r. Zorlu s\u00fcre\u00e7leri rahat y\u00f6netmek ve yeni bak\u0131\u015f a\u00e7\u0131lar\u0131yla yeni d\u00fcnyayla uyumlu, dengeli ya\u015faman\u0131n anahtar\u0131n\u0131 sunmaya devam etmektedir.<\/h4>\n<h4 style=\"font-size: 16px; padding: 10px; margin-top: 10px; text-transform: none; text-align: left;\"><strong>SEMA TAMER G\u00dcRSES<\/strong><\/h4>\n<h4 style=\"font-size: 16px; padding: 10px; margin-top: 10px; text-transform: none; text-align: left;\">AMANTARA \u0130STANBUL Wellness , Kurucu ve Y\u00f6netim Dan\u0131\u015fman\u0131<\/h4>\n<h4 style=\"font-size: 16px; padding: 10px; margin-top: 10px; text-transform: none; text-align: left;\">Sema Tamer G\u00fcrses 1965 y\u0131l\u0131nda \u00c7orlu'da do\u011fdu.\u0130stanbul \u00dcniversitesi \u0130ktisat Fak\u00fcltesi ve paralelinde Bilgisayar Programlama e\u011fitimlerini tamamlad\u0131.<\/h4>\n<h4 style=\"font-size: 16px; padding: 10px; margin-top: 10px; text-transform: none; text-align: left;\">1985 y\u0131l\u0131nda IBM ile ba\u015flayan i\u015f hayat\u0131 \u0130stanbul Belediye Ba\u015fkan\u0131 ( Bedrettin Dalan ) Bilgi \u0130\u015flem Dan\u0131\u015fmal\u0131\u011f\u0131, \u0130stek Vak\u0131f\u0131 Okullar\u0131n\u0131n sistem kurulumu g\u00f6revleriyle devam etti. 1986 y\u0131l\u0131nda UNILEVER\u2019de IT Y\u00f6necisi olarak i\u015fe ba\u015flay\u0131p ekipleri ile farkl\u0131 i\u015f alanlar\u0131 ve sorumluluklarla, 3 k\u0131ta 36 \u00fclkede IT &amp; Sat\u0131\u015f Sistem kurulumlar\u0131 yapt\u0131.G\u0131da, Temizlik, Kozmetik ve Algida Dondurma gruplar\u0131 sat\u0131\u015f ve IT sistemlerini y\u00f6netti.Sorumluluklar\u0131 aras\u0131nda yer alan Dubai, Abudabi, Emirlikler, Kuwait, Katar, \u0130ran, K\u0131br\u0131s ve t\u00fcm Balkan \u00dclkelerinde IT sistemlerinin kurulumu g\u00f6revini ekipleri ile birlikte 28 y\u0131l y\u00fcr\u00fctt\u00fc.<\/h4>\n<h4 style=\"font-size: 16px; padding: 10px; margin-top: 10px; text-transform: none; text-align: left;\">Daha sonra Lokum \u0130stanbul'da CEO\u2019luk g\u00f6revini \u00fcstlendi.<\/h4>\n<h4 style=\"font-size: 16px; padding: 10px; margin-top: 10px; text-transform: none; text-align: left;\">2012 y\u0131l\u0131ndan itibaren wellness &amp; sa\u011fl\u0131k alan\u0131nda \u00f6nemli doktor ve ekiplerin dan\u0131\u015fmanl\u0131klar\u0131n\u0131 yapt\u0131.Sa\u011fl\u0131k Turizmi ve Klinik Wellness alan\u0131nda Dubai-Abudabi-Katar-Kuwait ba\u015fta olmak \u00fczere d\u00fcnyada konusunda otorite olan ki\u015fi ve firmalar\u0131n \u0130stanbul\u2019da parner lar\u0131 olarak \u00e7al\u0131\u015ft\u0131.<\/h4>\n<h4 style=\"font-size: 16px; padding: 10px; margin-top: 10px; text-transform: none; text-align: left;\">\u015eu anda kurucusu oldu\u011fu yenilebilir do\u011fal kozmetik ve sa\u011fl\u0131kl\u0131 ya\u015fam markas\u0131 olan AMANTARA \u0130STANBUL\u2019da dan\u0131\u015fman ve y\u00f6netici olarak \u00e7al\u0131\u015fmaktad\u0131r.Sa\u011fl\u0131k, do\u011fal \u00fcr\u00fcnler, sa\u011fl\u0131kl\u0131 ve kaliteli ya\u015fam konular\u0131nda \u00f6zel projeler ve \u00fcr\u00fcnler \u00e7al\u0131\u015f\u0131lmaktad\u0131r.<\/h4>\n<h4 style=\"font-size: 16px; padding: 10px; margin-top: 10px; text-transform: none; text-align: left;\">\u0130\u015f geli\u015ftirme, l\u00fcks markalara do\u011fal tasar\u0131mlar ve dan\u0131\u015fmanl\u0131k, kozmetik, do\u011fal ve lokal butik \u00fcr\u00fcnler, sa\u011fl\u0131kl\u0131 beslenme, wellness, kurumsal ko\u00e7luk ve mentorlu\u011fu yapmaktad\u0131r.T\u00fcrkiye\u2019nin lokal de\u011ferlerini, do\u011fas\u0131ndan gelenleri, eski gelenekleri ve \u00fcretimleri, el i\u015fcili\u011fini, rit\u00fcelleri g\u00fcn\u00fcm\u00fcze ta\u015fayarak ya\u015famas\u0131n\u0131 sa\u011flamak projelerinde ana konulard\u0131r.<\/h4>\n<h4 style=\"font-size: 16px; padding: 10px; margin-top: 10px; text-transform: none; text-align: left;\" class=\" translation-block\">Kurumsal i\u015f hayat\u0131 paralelinde \u00e7o\u00e7uklu\u011fundan itibaren ilgi alanlar\u0131 olan enerjiler, beyin g\u00fcc\u00fc, astroloji, mistik uygulamalar, bitkiler konusunda uzun y\u0131llar yurti\u00e7i ve yurtd\u0131\u015f\u0131nda e\u011fitimler alm\u0131\u015ft\u0131r.Pek \u00e7ok uygulama ve e\u011fitimlerin T\u00fcrkiye\u2019deki uygulay\u0131c\u0131s\u0131 ve e\u011fitmenidir.\nUzmanl\u0131k alanlar\u0131 Reconnective Healing ( ABD ), Mistik Astroloji ( Astroloji Okulu - \u00d6ner D\u00f6\u015fer ), Dragonik Astroloji, JAAS Jean Adrian Ar\u0131nma Sistemleri, Enerjiler, Bitkiler, Mandralar &amp; Rit\u00fceller, \u015eamanik Uygulamalar, RUNE Sembolleri, Klinik Well-being yer almaktad\u0131r.<\/h4>\n<h4 style=\"font-size: 16px; padding: 10px; margin-top: 10px; text-transform: none; text-align: left;\">Hep do\u011fa ile simbiyotik olarak ya\u015famak gerekti\u011fine olan inanc\u0131yla do\u011fal ve do\u011fada sa\u011fl\u0131kl\u0131 ya\u015fam konular\u0131nda fark\u0131ndal\u0131klar yaratmaya \u00e7al\u0131\u015fmaktad\u0131r.Uzman doktor ve ekiplerle birlikte hastalanmadan \u00f6nce \u00f6nlem alma, sa\u011fl\u0131kl\u0131 ya\u015f alma, fonsiyonel t\u0131p, sa\u011fl\u0131kl\u0131 ve do\u011fal beslenme, detox, ar\u0131nma vs konular\u0131nda \u00e7ok \u00e7e\u015fitli seminerler, kongreler, programlar yapmaktad\u0131rlar.<\/h4>\n<h4 style=\"font-size: 16px; padding: 10px; margin-top: 10px; text-transform: none; text-align: left;\" class=\" translation-block\">Dan\u0131\u015fman ve e\u011fitmen olarak \u00e7al\u0131\u015fmalar\u0131na wellness merkezleri, oteller, spalar, klinikler vs de devam etmektedir.<\/h4>\n<h4 style=\"font-size: 16px; padding: 10px; margin-top: 10px; text-transform: none; text-align: left;\" class=\" translation-block\">\u00dcretim ve e\u011fitim projeleri s\u0131ras\u0131nda do\u011faya sayg\u0131, kad\u0131n eme\u011fi, k\u0131rsalda projeler, ya\u015fl\u0131lar ve \u00e7ocuklar ile s\u00fcrd\u00fcr\u00fclebilir ya\u015fam politikalar\u0131na destek verilmesi \u00f6n planda tutulmaktad\u0131r.<\/h4>\n\n\t\t<\/div>\n\t<\/div>\n<div class=\"vc_empty_space\"   style=\"height: 32px\"><span class=\"vc_empty_space_inner\"><\/span><\/div><div class=\"vc_empty_space\"   style=\"height: 32px\"><span class=\"vc_empty_space_inner\"><\/span><\/div><a href=\"https:\/\/api.whatsapp.com\/send?phone=905075793531&#038;text=Amantara%20Welness%20Nefesli%20Ya\u015fam%20Bodrum%20Program\u0131\" target=\"_self\" style=\"margin: 0px 0px 0px 70px\" class=\"eltd-btn eltd-btn-medium eltd-btn-solid eltd-btn-icon eltd-btn-gradient_hover\"  >\n    <span class=\"eltd-btn-text\">Rezervasyon<\/span>\n    <i class=\"eltd-icon-font-awesome fa fa-whatsapp\" ><\/i><\/a>\t<\/div>\n<\/div><\/div><div class=\"vc_empty_space\"   style=\"height: 20px\"><span class=\"vc_empty_space_inner\"><\/span><\/div><div class=\"eltd-accordion-holder clearfix eltd-toggle eltd-initial\">\n\t<h4 class=\"clearfix eltd-title-holder\">\n\t<span class=\"eltd-accordion-mark eltd-left-mark\">\n\t\t<span class=\"eltd-accordion-mark-icon\">\n\t\t\t<span class=\"icon_plus\"><\/span>\n\t\t\t<span class=\"icon_minus-06\"><\/span>\n\t\t<\/span>\n\t<\/span>\n\t<span class=\"eltd-tab-title\">\n\t\t<span class=\"eltd-tab-title-inner\">\n\t\t\tAile Dizimi Kamp\u0131 (14 - 16 Temmuz 2023)\t\t<\/span>\n\t<\/span>\n<\/h4>\n<div class=\"eltd-accordion-content\" >\n\t<div class=\"eltd-accordion-content-inner\">\n\t\t\n\t<div class=\"wpb_text_column wpb_content_element\" >\n\t\t<div class=\"wpb_wrapper\">\n\t\t\t<h3 style=\"text-align: center;\">Aile Dizimi ve \u0130nziva Kamp\u0131<\/h3>\n<h4 style=\"text-align: center; font-size: 16px; padding: 10px;\">14 Temmuz Cuma - 16 Temmuz Pazar<\/h4>\n<h4 style=\"text-align: center; font-size: 16px; padding: 10px;\"><img loading=\"lazy\" decoding=\"async\" class=\"alignnone size-medium wp-image-11143\" src=\"https:\/\/whitelotusbodrum.com\/wp-content\/uploads\/2023\/03\/WhatsApp-Image-2023-03-17-at-13.35.23.jpeg\" alt=\"\" width=\"209\" height=\"300\" \/><br \/>\nSeda Rodop Soran ile birlikte<\/h4>\n<p>&nbsp;<\/p>\n<ul style=\"font-size: 16px; margin-left: 20px;\">\n<li style=\"text-align: left;\">Aile Dizimi<\/li>\n<li style=\"text-align: left;\">Rit\u00fceller<\/li>\n<li style=\"text-align: left;\">Meditasyonlar<\/li>\n<li style=\"text-align: left;\">Ses \u00c7anaklar\u0131 ile \u015eifa Seans\u0131<\/li>\n<li style=\"text-align: left;\">Mandala<\/li>\n<li style=\"text-align: left; font-weight: bold;\">. . .<\/li>\n<\/ul>\n<div class=\"vc_empty_space\" style=\"height: 50px;\"><\/div>\n<h4 style=\"font-size: 16px; padding: 10px; margin-top: 10px; text-transform: none; text-align: left;\">Sabahlar\u0131 sinir sistemini reg\u00fcle etmek i\u00e7in somatik hareketler ve mindfulness meditasyonu ile ba\u015fl\u0131yoruz. Aile dizilimi ve egzersizler, sistemik rit\u00fceller ve meditasyon ile devam ediyoruz. Ayr\u0131ca \u00e7anaklarla sound healing, mandala ve \u00e7izim \u00f6zel meditasyonlar\u0131m\u0131z yer alacak.<\/h4>\n<h4 style=\"font-size: 16px; padding: 10px; margin-top: 10px; text-transform: none; text-align: left;\" class=\" translation-block\">Uluslararas\u0131 Aile Dizimi E\u011fitmeni \n2004 y\u0131l\u0131nda bir nefes program\u0131 ile yolculu\u011funa ba\u015flam\u0131\u015ft\u0131r. 2010-2023 y\u0131llar\u0131nda 4 y\u0131l Max ve Alemka Dauskardt, 1 y\u0131l Dr. Anngwyn Just, Svagito Leibermeister, Terry Dika Volchoff ve  1,5 y\u0131l Yishai Gaster\u2019dan uzmanl\u0131k e\u011fitimleri alm\u0131\u015ft\u0131r. 2021 ve 2022 y\u0131llar\u0131nda Uluslararas\u0131 Aile Dizimi Konferans\u0131nda at\u00f6lyeler sunmu\u015f ve 2022-2023 y\u0131l\u0131nda bu konferans\u0131n d\u00fczenledi\u011fi Aile Dizimi Uygulay\u0131c\u0131 E\u011fitiminde uygulay\u0131c\u0131lar i\u00e7in e\u011fitim sunmu\u015ftur. \u015eu anda Yishai Gaster ile 1,5 y\u0131l s\u00fcren uygulay\u0131c\u0131 e\u011fitimi sunmaktad\u0131r. Ayr\u0131ca somatik integral psikoloji ve somatik travma terapi e\u011fitimlerini tamamlam\u0131\u015ft\u0131r. 2009 y\u0131l\u0131nda kurulan Radia Uluslararas\u0131 Aile Dizimi Okulu\u2019nun kurucusudur.<\/h4>\n\n\t\t<\/div>\n\t<\/div>\n<div class=\"vc_empty_space\"   style=\"height: 32px\"><span class=\"vc_empty_space_inner\"><\/span><\/div><div class=\"vc_empty_space\"   style=\"height: 32px\"><span class=\"vc_empty_space_inner\"><\/span><\/div><a href=\"https:\/\/api.whatsapp.com\/send?phone=905075793531&#038;text=Aile%20Dizimi%20ve%20\u0130nziva%20Kamp\u0131\" target=\"_self\" style=\"margin: 0px 0px 0px 70px\" class=\"eltd-btn eltd-btn-medium eltd-btn-solid eltd-btn-icon eltd-btn-gradient_hover\"  >\n    <span class=\"eltd-btn-text\">Rezervasyon<\/span>\n    <i class=\"eltd-icon-font-awesome fa fa-whatsapp\" ><\/i><\/a>\t<\/div>\n<\/div><\/div><div class=\"vc_empty_space\"   style=\"height: 20px\"><span class=\"vc_empty_space_inner\"><\/span><\/div><div class=\"eltd-accordion-holder clearfix eltd-toggle eltd-initial\">\n\t<h4 class=\"clearfix eltd-title-holder\">\n\t<span class=\"eltd-accordion-mark eltd-left-mark\">\n\t\t<span class=\"eltd-accordion-mark-icon\">\n\t\t\t<span class=\"icon_plus\"><\/span>\n\t\t\t<span class=\"icon_minus-06\"><\/span>\n\t\t<\/span>\n\t<\/span>\n\t<span class=\"eltd-tab-title\">\n\t\t<span class=\"eltd-tab-title-inner\">\n\t\t\tAnti Aging Beslenme At\u00f6lyesi (20 Temmuz 2023)\t\t<\/span>\n\t<\/span>\n<\/h4>\n<div class=\"eltd-accordion-content\" >\n\t<div class=\"eltd-accordion-content-inner\">\n\t\t\n\t<div class=\"wpb_text_column wpb_content_element\" >\n\t\t<div class=\"wpb_wrapper\">\n\t\t\t<h3 style=\"text-align: center;\">Anti Aging Beslenme Semineri<\/h3>\n<h4 style=\"text-align: center; font-size: 16px; padding: 10px;\">20 Temmuz Per\u015fembe<\/h4>\n<h4 style=\"text-align: center; font-size: 16px; padding: 10px;\"><img loading=\"lazy\" decoding=\"async\" class=\"alignnone size-medium wp-image-11143\" src=\"https:\/\/whitelotusbodrum.com\/wp-content\/uploads\/2023\/05\/Screenshot-2023-05-31-at-16.58.25-218x300.png\" alt=\"\" width=\"209\" height=\"300\" \/><br \/>\nVerda \u00c7akan ile birlikte<\/h4>\n<p>&nbsp;<\/p>\n<ul style=\"font-size: 16px; margin-left: 20px;\">\n<li style=\"text-align: left;\">Yeni Nesil Beslenme Teknikleri<\/li>\n<li style=\"text-align: left;\">Duygular\u0131m\u0131z\u0131n beslenmemize etkileri<\/li>\n<li style=\"text-align: left;\">Ya\u015f almak ne demek?<\/li>\n<li style=\"text-align: left;\">Ya\u015f al\u0131rken v\u00fccudumuzda olan de\u011fi\u015fimler?<\/li>\n<li>Telomerler ve duygular\u0131m\u0131z\u0131n telomerlere olan ba\u011flant\u0131s\u0131<\/li>\n<li style=\"text-align: left;\">Anti Aging Beslenme Y\u00f6ntemleri<\/li>\n<li style=\"text-align: left;\">Ya\u015f aral\u0131\u011f\u0131na g\u00f6re beslenme teknikleri<\/li>\n<li style=\"text-align: left;\">Anti- Aging \u2013(Ya\u015flanma kar\u015f\u0131t\u0131) besinler nelerdir?<\/li>\n<li>Soru- cevap<\/li>\n<li style=\"text-align: left; font-weight: bold;\">. . .<\/li>\n<\/ul>\n<h4 style=\"font-size: 16px; padding: 10px; margin-top: 10px; text-transform: none; text-align: left;\"><\/h4>\n<h4 style=\"font-size: 16px; padding: 10px; margin-top: 10px; text-transform: none; text-align: left;\"><strong>VERDA \u00c7AKAN<\/strong><\/h4>\n<h4 style=\"font-size: 16px; padding: 10px; margin-top: 10px; text-transform: none; text-align: left;\">Duygusal Beslenme Dan\u0131\u015fman\u0131<\/h4>\n<h4 style=\"font-size: 16px; padding: 10px; margin-top: 10px; text-transform: none; text-align: left;\">Verda  \u00c7akan 1981 y\u0131l\u0131nda \u0130stanbul\u2019da do\u011fdu. Lise \u00f6\u011frenimini Amerika\u2019n\u0131n Florida eyeletinde tamamlad\u0131ktan sonra  Amerika \u2018da Tampa \u00dcniversitesi ileti\u015fim fak\u00fcltesinden mezun oldu.\u00c7e\u015fitli gazete ve dergilerde edit\u00f6rl\u00fck yapt\u0131ktan sonra beslenme ve  yan\u0131 s\u0131ra psikolojiye olan tutkusunu profesyonel anlamda yapabilmek i\u00e7in d\u00fcnyan\u0131n se\u00e7kin \u00fcniversitelerinden uzmanl\u0131k e\u011fitimleri alarak dan\u0131\u015fmanl\u0131k ve seminerler vermektedir.<\/h4>\n<h4 style=\"font-size: 16px; padding: 10px; margin-top: 10px; text-transform: none; text-align: left;\"><b style=\"font-size: 16px; padding: 10px; margin-top: 10px; text-transform: none; text-align: left;\">E\u011fitimler<\/b><\/h4>\n<ul style=\"font-size: 16px; padding: 10px; margin-top: 10px; text-transform: none; text-align: left;\">\n<li aria-level=\"1\">University of Tampa Mass Communication BA<\/li>\n<li style=\"font-weight: 400;\" aria-level=\"1\"><span style=\"font-weight: 400;\">Harvard Certificate Program Healthy Eating<\/span><\/li>\n<li style=\"font-weight: 400;\" aria-level=\"1\"><span style=\"font-weight: 400;\">Harvard Certificate Program Cognitive Fitness<\/span><\/li>\n<li style=\"font-weight: 400;\" aria-level=\"1\"><span style=\"font-weight: 400;\">Stanford Univesity Extension Food and Health<\/span><\/li>\n<li style=\"font-weight: 400;\" aria-level=\"1\"><span style=\"font-weight: 400;\">UCLA Extention in Nutrition\u00a0<\/span><\/li>\n<li style=\"font-weight: 400;\" aria-level=\"1\"><span style=\"font-weight: 400;\">Recall Healing Module IBizcon Academy Holistic Nutrition Diet and Eating Disorders Training<\/span><\/li>\n<li style=\"font-weight: 400;\" aria-level=\"1\"><span style=\"font-weight: 400;\">Opal Success London Emotional Eating and Binge Eating Specialist<\/span><\/li>\n<li style=\"font-weight: 400;\" aria-level=\"1\"><span style=\"font-weight: 400;\">Edinburg University Understanding Obesity Program<\/span><\/li>\n<li style=\"font-weight: 400;\" aria-level=\"1\"><span style=\"font-weight: 400;\">Opal Success London Anti Aging Nutrition Program<\/span><\/li>\n<\/ul>\n\n\t\t<\/div>\n\t<\/div>\n<div class=\"vc_empty_space\"   style=\"height: 32px\"><span class=\"vc_empty_space_inner\"><\/span><\/div><div class=\"vc_empty_space\"   style=\"height: 32px\"><span class=\"vc_empty_space_inner\"><\/span><\/div><a href=\"https:\/\/api.whatsapp.com\/send?phone=905075793531&#038;text=Anti%20Aging%20Beslenme%20Semineri\" target=\"_self\" style=\"margin: 0px 0px 0px 70px\" class=\"eltd-btn eltd-btn-medium eltd-btn-solid eltd-btn-icon eltd-btn-gradient_hover\"  >\n    <span class=\"eltd-btn-text\">Rezervasyon<\/span>\n    <i class=\"eltd-icon-font-awesome fa fa-whatsapp\" ><\/i><\/a>\t<\/div>\n<\/div><\/div><div class=\"vc_empty_space\"   style=\"height: 20px\"><span class=\"vc_empty_space_inner\"><\/span><\/div><div class=\"eltd-accordion-holder clearfix eltd-toggle eltd-initial\">\n\t<h4 class=\"clearfix eltd-title-holder\">\n\t<span class=\"eltd-accordion-mark eltd-left-mark\">\n\t\t<span class=\"eltd-accordion-mark-icon\">\n\t\t\t<span class=\"icon_plus\"><\/span>\n\t\t\t<span class=\"icon_minus-06\"><\/span>\n\t\t<\/span>\n\t<\/span>\n\t<span class=\"eltd-tab-title\">\n\t\t<span class=\"eltd-tab-title-inner\">\n\t\t\tFrekans Kamp\u0131 (18 - 19 Temmuz 2023)\t\t<\/span>\n\t<\/span>\n<\/h4>\n<div class=\"eltd-accordion-content\" >\n\t<div class=\"eltd-accordion-content-inner\">\n\t\t\n\t<div class=\"wpb_text_column wpb_content_element\" >\n\t\t<div class=\"wpb_wrapper\">\n\t\t\t<h3 style=\"text-align: center;\">Frekans Kamp\u0131<\/h3>\n<h4 style=\"text-align: center; font-size: 16px; padding: 10px;\">18 Temmuz Sal\u0131 - 19 Temmuz \u00c7ar\u015famba<\/h4>\n\n\t\t<\/div>\n\t<\/div>\n<div class=\"vc_empty_space\"   style=\"height: 32px\"><span class=\"vc_empty_space_inner\"><\/span><\/div><div class=\"vc_empty_space\"   style=\"height: 32px\"><span class=\"vc_empty_space_inner\"><\/span><\/div><a href=\"https:\/\/api.whatsapp.com\/send?phone=905075793531&#038;text=Frekans%20Kamp\u0131\" target=\"_self\" style=\"margin: 0px 0px 0px 70px\" class=\"eltd-btn eltd-btn-medium eltd-btn-solid eltd-btn-icon eltd-btn-gradient_hover\"  >\n    <span class=\"eltd-btn-text\">Rezervasyon<\/span>\n    <i class=\"eltd-icon-font-awesome fa fa-whatsapp\" ><\/i><\/a>\t<\/div>\n<\/div><\/div><div class=\"vc_empty_space\"   style=\"height: 20px\"><span class=\"vc_empty_space_inner\"><\/span><\/div><div class=\"eltd-accordion-holder clearfix eltd-toggle eltd-initial\">\n\t<h4 class=\"clearfix eltd-title-holder\">\n\t<span class=\"eltd-accordion-mark eltd-left-mark\">\n\t\t<span class=\"eltd-accordion-mark-icon\">\n\t\t\t<span class=\"icon_plus\"><\/span>\n\t\t\t<span class=\"icon_minus-06\"><\/span>\n\t\t<\/span>\n\t<\/span>\n\t<span class=\"eltd-tab-title\">\n\t\t<span class=\"eltd-tab-title-inner\">\n\t\t\tNefes Kamp\u0131 (21 - 23 Temmuz 2023)\t\t<\/span>\n\t<\/span>\n<\/h4>\n<div class=\"eltd-accordion-content\" >\n\t<div class=\"eltd-accordion-content-inner\">\n\t\t\n\t<div class=\"wpb_text_column wpb_content_element\" >\n\t\t<div class=\"wpb_wrapper\">\n\t\t\t<h3 style=\"text-align: center;\">Nefes Kamp\u0131<\/h3>\n<h4 style=\"text-align: center; font-size: 16px; padding: 10px;\">21 Temmuz Cuma - 23 Temmuz Pazar<\/h4>\n<h4 style=\"text-align: center; font-size: 16px; padding: 10px;\"><img loading=\"lazy\" decoding=\"async\" class=\"alignnone size-medium wp-image-11143\" src=\"https:\/\/whitelotusbodrum.com\/wp-content\/uploads\/2023\/03\/WhatsApp-Image-2023-02-18-at-15.27.33.jpeg\" alt=\"\" width=\"209\" height=\"300\" \/><br \/>\nWith Alegra Benardete<\/h4>\n<p>&nbsp;<\/p>\n<ul style=\"font-size: 16px; margin-left: 20px;\">\n<li style=\"text-align: left;\">Wellness ve Medikal Sohbetler<\/li>\n<li style=\"text-align: left;\">Enerjisel Ar\u0131nma<\/li>\n<li style=\"text-align: left;\">Nefes ile Detoks ve Ar\u0131nma<\/li>\n<li style=\"text-align: left;\">Ses Terapisi<\/li>\n<li style=\"text-align: left;\" class=\" translation-block\">JAAS seanslar\u0131 (<em>Jean Adrian Ar\u0131nma Sistemi ile atalardan, aileden gelen enerjilerin ar\u0131nd\u0131r\u0131lmas\u0131, hayat\u0131m\u0131zdaki engellerin kald\u0131r\u0131lmas\u0131 \u00e7al\u0131\u015fmas\u0131<\/em>)<\/li>\n<li style=\"text-align: left;\">\u015eans, Bolluk ve Bereket Meditasyonlar\u0131<\/li>\n<li style=\"text-align: left;\">Bitkilerin G\u00fcc\u00fc ve Frekanslar<\/li>\n<li style=\"text-align: left;\">Mandala<\/li>\n<li style=\"text-align: left;\">Semboller<\/li>\n<li style=\"text-align: left;\">Ruh \u0130kizini Tan\u0131ma ve \u0130leti\u015fim<\/li>\n<li style=\"text-align: left;\">Astroloji ve D\u00f6ng\u00fcler<\/li>\n<li style=\"text-align: left;\">Fark\u0131ndal\u0131k ve Enerji Y\u00fckselten Oyunlar<\/li>\n<li style=\"text-align: left;\">Da\u011flar\u0131n Aras\u0131nda Antik Kentte Mistik Enerjilerle Bulu\u015fma<\/li>\n<li style=\"text-align: left;\">Do\u011fa Y\u00fcr\u00fcy\u00fc\u015fleri<\/li>\n<li style=\"text-align: left; font-weight: bold;\">. . .<\/li>\n<\/ul>\n<p>&nbsp;<\/p>\n<h4 style=\"font-size: 16px; padding: 10px; margin-top: 10px; text-transform: none; text-align: left;\" class=\" translation-block\">White Lotus  Bodrumda Da\u011fbelen b\u00f6lgesinin e\u015fsiz \u015fifa dolu alan\u0131nda   bilim ve mistisizimi birle\u015ftirerek olu\u015fturdu\u011fumuz  kendini iyi hissetme halini deneyimleyerek, iyi ya\u015fam\u0131n anahtar\u0131na sahip olacaks\u0131n\u0131z. Ayn\u0131 zamanda detoks etkisi yaratan bir dizi \u00e7al\u0131\u015fma ile bedenin \u015fifas\u0131na arac\u0131l\u0131k edece\u011fiz.<br>\n\nBu deneyimsel yolculukta, kullanaca\u011f\u0131m\u0131z bir\u00e7ok de\u011fi\u015fim ve d\u00f6n\u00fc\u015f\u00fcm yaratan ara\u00e7lara sahip olacaks\u0131n\u0131z. Haz\u0131rlad\u0131\u011f\u0131m\u0131z keyifli ak\u0131\u015fta hepsini sizlerle payla\u015faca\u011f\u0131z. Program\u0131m\u0131zda nefes, meditasyon, fiziksel aktiviteler, sesin \u015fifas\u0131, enerji, frekans, semboller, mandala, astrolojik d\u00f6ng\u00fcler, niyetin g\u00fcc\u00fc, fark\u0131ndal\u0131k egzersizleri, enerji y\u00fckselten oyunlar ve s\u00fcrprizlerimiz.. \n<br>\nKendinize yapaca\u011f\u0131n\u0131z  yolculuk en de\u011ferli yolculuktur. Hep beraber yeniden hat\u0131rlayal\u0131m ve keyfini \u00e7\u0131kartal\u0131m.<\/h4>\n<h4 style=\"font-size: 16px; padding: 10px; margin-top: 10px; text-transform: none; text-align: left;\"><strong>ALEGRA BENARDETE<\/strong><\/h4>\n<h4 style=\"font-size: 16px; padding: 10px; margin-top: 10px; text-transform: none; text-align: left;\">Transformal Nefesi K\u0131demli E\u011fitmeni<\/h4>\n<h4 style=\"font-size: 16px; padding: 10px; margin-top: 10px; text-transform: none; text-align: left;\">Born in 1970 in Istanbul, Alegra has worked in various companies in the field of public relations in order to capture the colors of communication in every field. She worked as the Assistant General Manager at Saniva and SERVUS Computer Companies. She also served as assistant general manager in the company, which is a partner of HITACHI DATA Systems.<\/h4>\n<h4 style=\"font-size: 16px; padding: 10px; margin-top: 10px; text-transform: none; text-align: left;\">She started her personal journey in 2006. Opening to the energies of Deeksha and Divine Light, she also practiced healing as a REIKI Master. During this journey, she met in 2008, the founder of the Transformational Breath\u00ae Foundation (TBF), Dr. Completing the training she received from Judith Kravitz, she is the Foundation&#8217;s Senior Instructor. In this process, she had the opportunity to work with many personal development schools and very valuable guides. She met many good guides who made her path easier at RADIA Geli\u015fim and Darga Academy.<\/h4>\n<h4 style=\"font-size: 16px; padding: 10px; margin-top: 10px; text-transform: none; text-align: left;\" class=\" translation-block\">Di\u011fer ald\u0131\u011f\u0131 e\u011fitimlerden baz\u0131lar\u0131:\n\u0130lahi Nur \/Kiera Windrider'dan\nMERKABA e\u011fitmimi Ron La Place 'tan,\nPranic \u015eifa e\u011fitimimi Alan Horne'dan, alm\u0131\u015ft\u0131r.\nABD Kairos Enstit\u00fcs\u00fc Acutonics\u00ae (Sesle \u015eifa) Level 1 &amp; 2 e\u011fitimimi Ron La Place'tan alarak, nefes ve ses \u015fifas\u0131 at\u00f6lyeleri d\u00fczenlemektedir.<\/h4>\n<h4 style=\"font-size: 16px; padding: 10px; margin-top: 10px; text-transform: none; text-align: left;\">Alegra Benardete, kendini ke\u015fif yolculu\u011fu s\u0131ras\u0131nda 2016 y\u0131l\u0131nda i\u00e7sel bir \u00f6ng\u00f6r\u00fc ile ALEGRIA Markas\u0131n\u0131 hayata ge\u00e7irip XVII ismini verdi\u011fi parf\u00fcm\u00fcn\u00fc \u00fcretmi\u015ftir. Bireysel giri\u015fimi, yarat\u0131c\u0131l\u0131k ve motivasyonunu artt\u0131rm\u0131\u015f olup parf\u00fcmeri sekt\u00f6r\u00fcnde de deneyim kazanmas\u0131n\u0131 sa\u011flam\u0131\u015ft\u0131r. Kurumsal ve bireysel at\u00f6lyeler d\u00fczenlemektedir. Alegra Benardete, t\u00fcm \u00e7al\u0131\u015fmalar\u0131n\u0131 yaratt\u0131\u011f\u0131 Nefesli Ya\u015fam Fark\u0131ndal\u0131k At\u00f6lyesi ve Nefesli Ya\u015fam Fark\u0131ndal\u0131k Oyunlar\u0131 At\u00f6lyesinde bir araya getirmi\u015ftir. Bu yolculukta edindi\u011fi k\u0131ymetli deneyimlerini, dan\u0131\u015fanlar\u0131n\u0131n do\u011fru nefes alarak ya\u015famlar\u0131ndaki i\u00e7sel potansiyellerini a\u00e7\u0131\u011fa \u00e7\u0131kartmalar\u0131na yard\u0131mc\u0131 olarak rehberlik yapmaktad\u0131r. Zorlu s\u00fcre\u00e7leri rahat y\u00f6netmek ve yeni bak\u0131\u015f a\u00e7\u0131lar\u0131yla yeni d\u00fcnyayla uyumlu, dengeli ya\u015faman\u0131n anahtar\u0131n\u0131 sunmaya devam etmektedir.<\/h4>\n\n\t\t<\/div>\n\t<\/div>\n<div class=\"vc_empty_space\"   style=\"height: 32px\"><span class=\"vc_empty_space_inner\"><\/span><\/div><div class=\"vc_empty_space\"   style=\"height: 32px\"><span class=\"vc_empty_space_inner\"><\/span><\/div><a href=\"https:\/\/api.whatsapp.com\/send?phone=905075793531&#038;text=Nefes%20Kamp\u0131\" target=\"_self\" style=\"margin: 0px 0px 0px 70px\" class=\"eltd-btn eltd-btn-medium eltd-btn-solid eltd-btn-icon eltd-btn-gradient_hover\"  >\n    <span class=\"eltd-btn-text\">Rezervasyon<\/span>\n    <i class=\"eltd-icon-font-awesome fa fa-whatsapp\" ><\/i><\/a>\t<\/div>\n<\/div><\/div><div class=\"vc_empty_space\"   style=\"height: 20px\"><span class=\"vc_empty_space_inner\"><\/span><\/div><div class=\"eltd-accordion-holder clearfix eltd-toggle eltd-initial\">\n\t<h4 class=\"clearfix eltd-title-holder\">\n\t<span class=\"eltd-accordion-mark eltd-left-mark\">\n\t\t<span class=\"eltd-accordion-mark-icon\">\n\t\t\t<span class=\"icon_plus\"><\/span>\n\t\t\t<span class=\"icon_minus-06\"><\/span>\n\t\t<\/span>\n\t<\/span>\n\t<span class=\"eltd-tab-title\">\n\t\t<span class=\"eltd-tab-title-inner\">\n\t\t\tKirlian Foto\u011fraf\u00e7\u0131l\u0131\u011f\u0131 (21 Temmuz - ... 2023)\t\t<\/span>\n\t<\/span>\n<\/h4>\n<div class=\"eltd-accordion-content\" >\n\t<div class=\"eltd-accordion-content-inner\">\n\t\t\n\t<div class=\"wpb_text_column wpb_content_element\" >\n\t\t<div class=\"wpb_wrapper\">\n\t\t\t<h3 style=\"text-align: center;\">Kirlian Foto\u011fraf\u00e7\u0131l\u0131\u011f\u0131<\/h3>\n<h4 style=\"text-align: center; font-size: 16px; padding: 10px;\">21 Temmuz Cuma'dan itibaren<\/h4>\n<h4 style=\"text-align: center; font-size: 16px; padding: 10px;\"><img loading=\"lazy\" decoding=\"async\" class=\"alignnone size-medium wp-image-11143\" src=\"https:\/\/whitelotusbodrum.com\/wp-content\/uploads\/2023\/07\/Screenshot-2023-07-18-at-00.07.11-300x298.png\" alt=\"\" width=\"209\" height=\"300\" \/><br \/>\n\u015euayip Da\u011f\u0131stanl\u0131 ile birlikte<\/h4>\n<p>&nbsp;<\/p>\n<h4 style=\"font-size: 16px; padding: 10px; margin-top: 10px; text-transform: none; text-align: left;\">Kirlian Foto\u011fraf\u00e7\u0131l\u0131\u011f\u0131<\/h4>\n<h4 style=\"font-size: 16px; padding: 10px; margin-top: 10px; text-transform: none; text-align: left;\" class=\" translation-block\">Rusya'da t\u0131p alan\u0131nda sertifikal\u0131 olarak hastanelerde bulunan bu kamera ile hastalar\u0131n tedavi s\u00fcre\u00e7lerini ve gelecek d\u00f6nemlerde ortaya \u00e7\u0131kabilecek hastal\u0131klar\u0131 \u00f6nceden g\u00f6rebiliyorlar. <br>\nAura foto\u011fraf\u00e7\u0131l\u0131\u011f\u0131n\u0131n temeli, g\u00f6r\u00fcnen ve g\u00f6r\u00fcnmeyen iki bedenimizin oldu\u011fudur.\nParmak u\u00e7lar\u0131n\u0131n foto\u011fraflar\u0131n\u0131 \u00e7ekerek hangi organlara denk geldi\u011fini ve ortaya \u00e7\u0131kan renkleri okuyup o organlara yo\u011funla\u015farak bir\u00e7ok hastal\u0131\u011f\u0131 da tedavi eden Dr. Korotkov, 'Enerji her \u015feyin temelidir! diyor.<\/h4>\n<h4 style=\"font-size: 16px; padding: 10px; margin-top: 10px; text-transform: none; text-align: left;\"><strong>\u015euayip Da\u011f\u0131stanl\u0131<\/strong><\/h4>\n<h4 style=\"font-size: 16px; padding: 10px; margin-top: 10px; text-transform: none; text-align: left;\" class=\" translation-block\">\u015euayip Da\u011f\u0131stanl\u0131, 26 A\u011fustos 1969'da Da\u011f\u0131stan'\u0131n ba\u015fkenti Maha\u00e7kale'de do\u011fdu. <br>Liseye Maha\u00e7kale'de ba\u015flad\u0131, Kahib'de bitirdi. Liseden sonra Da\u011f\u0131stan Devlet Pedagoji \u00dcniversitesi'nde (1986-1992) \u00f6\u011frenim g\u00f6rd\u00fc.<br>\n1989'da ge\u00e7irdi\u011fi kazada bedeninin b\u00fcy\u00fck b\u00f6l\u00fcm\u00fc fel\u00e7 oldu. Hastal\u0131k s\u0131ras\u0131nda 'Kendi Kendine Tedavi' y\u00f6ntemini uygulayarak fel\u00e7ten kurtuldu. O g\u00fcnden sonra hayat felsefesi ve d\u00fcnyaya bak\u0131\u015f\u0131 de\u011fi\u015fti. Kendi kendin iyile\u015ftirmedeki ba\u015far\u0131s\u0131 Rusya'daki bilim adamlar\u0131 ve doktorlar\u0131n dikkatini \u00e7ekti. Onlar\u0131n maddi ve manevi yard\u0131mlar\u0131yla Moskova'da ve Kiev'de Alternatif T\u0131p \u00fczerine e\u011fitim g\u00f6rd\u00fc. Daha sonra 1991'de Kuzey Kafkasya'da \u0130lk Ezoterik Bilim Merkezinin Kurucusu oldu.<br>\n1996'da Moskova'da Birle\u015fmi\u015f Milletler ve UNESCO taraf\u0131ndan kurulan komisyonca verilen 'Alternatif T\u0131p \u0130limleri Doktoru' \u00fcnvan\u0131n\u0131 kazand\u0131.\nDa\u011f\u0131stanl\u0131, 1992'den ba\u015flayarak \u00e7e\u015fitli merkezlerde ve hastanelerde g\u00f6rev ald\u0131. 1997'de \u0130stanbul'da kurdu\u011fu \u015eua Biyoenerji Merkezi'nde \u00e7al\u0131\u015fmalar\u0131n\u0131 s\u00fcrd\u00fcrd\u00fc. 2002-2003 y\u0131llar\u0131 aras\u0131nda Prag'da Radio Free Europe-Radio Liberty'de gazeteci-spiker olarak g\u00f6rev yapt\u0131.\nDaha sonra yeniden T\u00fcrkiye'ye d\u00f6nd\u00fc. \u015eimdi Suadiye'de kurdu\u011fu \u015eua Human Academy'de \u00e7al\u0131\u015fmalar\u0131n\u0131 s\u00fcrd\u00fcrmekte, biyoenerji, akupunktur, ayurverda, \u015fiatsu, Kirlian Foto\u011fraf\u00e7\u0131l\u0131\u011f\u0131 gibi otuza yak\u0131n tedavi ve tan\u0131 y\u00f6ntemi uygulamaktad\u0131r.<br>\nT\u00fcrkiye'deki ve ba\u015fka \u00fclkelerdeki \u00e7e\u015fitli dernek ve kurulu\u015flarda, kendini programlama, psikolojik denge idman\u0131, i\u00e7imizdeki enerjiyi pozitif y\u00f6nde kullanarak kendini geli\u015ftirme, hayattaki g\u00f6revimizin fark\u0131na varma gibi insan\u0131n kendisini a\u015fmas\u0131 ve \u00e7evresinden ald\u0131\u011f\u0131 titre\u015fimler yoluyla d\u00fcnyayla b\u00fct\u00fcnle\u015fmesi konulu konferanslar, seminerler vermektedir. Y\u00fczlerce televizyon ve radyo program\u0131na kat\u0131lm\u0131\u015ft\u0131r. Mesle\u011finin yan\u0131 s\u0131ra, m\u00fczik, dans, resim gibi \u00e7e\u015fitli sanat dallar\u0131nda \u00e7al\u0131\u015fmalar\u0131 vard\u0131r.<br>\nD\u00fcnyaca \u00fcnl\u00fc kalp-damar cerrah\u0131 Dr. Mehmet \u00d6z'le birlikte kronik vakalar i\u00e7in \u00e7al\u0131\u015fmalar yapm\u0131\u015ft\u0131r.<br>\n\u015euayip Da\u011f\u0131stanl\u0131 bir\u00e7ok devlet ba\u015fkan\u0131na, \u00fcnl\u00fc sanat\u00e7\u0131lara, d\u00fcnyaca \u00fcnl\u00fc i\u015f adamlar\u0131na e\u011fitim vermi\u015f ve tedavi yapm\u0131\u015ft\u0131r.<\/h4>\n\n\t\t<\/div>\n\t<\/div>\n<div class=\"vc_empty_space\"   style=\"height: 32px\"><span class=\"vc_empty_space_inner\"><\/span><\/div><div class=\"vc_empty_space\"   style=\"height: 32px\"><span class=\"vc_empty_space_inner\"><\/span><\/div><a href=\"https:\/\/api.whatsapp.com\/send?phone=905075793531&#038;text=Kirlian%20Photography\" target=\"_self\" style=\"margin: 0px 0px 0px 70px\" class=\"eltd-btn eltd-btn-medium eltd-btn-solid eltd-btn-icon eltd-btn-gradient_hover\"  >\n    <span class=\"eltd-btn-text\">Rezervasyon<\/span>\n    <i class=\"eltd-icon-font-awesome fa fa-whatsapp\" ><\/i><\/a>\t<\/div>\n<\/div><\/div><div class=\"vc_empty_space\"   style=\"height: 20px\"><span class=\"vc_empty_space_inner\"><\/span><\/div><div class=\"eltd-accordion-holder clearfix eltd-toggle eltd-initial\">\n\t<h4 class=\"clearfix eltd-title-holder\">\n\t<span class=\"eltd-accordion-mark eltd-left-mark\">\n\t\t<span class=\"eltd-accordion-mark-icon\">\n\t\t\t<span class=\"icon_plus\"><\/span>\n\t\t\t<span class=\"icon_minus-06\"><\/span>\n\t\t<\/span>\n\t<\/span>\n\t<span class=\"eltd-tab-title\">\n\t\t<span class=\"eltd-tab-title-inner\">\n\t\t\tTheta Healing (27 Temmuz 2023)\t\t<\/span>\n\t<\/span>\n<\/h4>\n<div class=\"eltd-accordion-content\" >\n\t<div class=\"eltd-accordion-content-inner\">\n\t\t\n\t<div class=\"wpb_text_column wpb_content_element\" >\n\t\t<div class=\"wpb_wrapper\">\n\t\t\t<h3 style=\"text-align: center;\">Theta \u015eifas\u0131<\/h3>\n<h4 style=\"text-align: center; font-size: 16px; padding: 10px;\">27 July Thursday<\/h4>\n\n\t\t<\/div>\n\t<\/div>\n<div class=\"vc_empty_space\"   style=\"height: 32px\"><span class=\"vc_empty_space_inner\"><\/span><\/div><div class=\"vc_empty_space\"   style=\"height: 32px\"><span class=\"vc_empty_space_inner\"><\/span><\/div><a href=\"https:\/\/api.whatsapp.com\/send?phone=905075793531&#038;text=Theta%20Kamp\u0131\" target=\"_self\" style=\"margin: 0px 0px 0px 70px\" class=\"eltd-btn eltd-btn-medium eltd-btn-solid eltd-btn-icon eltd-btn-gradient_hover\"  >\n    <span class=\"eltd-btn-text\">Rezervasyon<\/span>\n    <i class=\"eltd-icon-font-awesome fa fa-whatsapp\" ><\/i><\/a>\t<\/div>\n<\/div><\/div><div class=\"vc_empty_space\"   style=\"height: 20px\"><span class=\"vc_empty_space_inner\"><\/span><\/div><div class=\"eltd-accordion-holder clearfix eltd-toggle eltd-initial\">\n\t<h4 class=\"clearfix eltd-title-holder\">\n\t<span class=\"eltd-accordion-mark eltd-left-mark\">\n\t\t<span class=\"eltd-accordion-mark-icon\">\n\t\t\t<span class=\"icon_plus\"><\/span>\n\t\t\t<span class=\"icon_minus-06\"><\/span>\n\t\t<\/span>\n\t<\/span>\n\t<span class=\"eltd-tab-title\">\n\t\t<span class=\"eltd-tab-title-inner\">\n\t\t\tYiyerek Nas\u0131l Zay\u0131flar\u0131m? (02 A\u011fustos 2023)\t\t<\/span>\n\t<\/span>\n<\/h4>\n<div class=\"eltd-accordion-content\" >\n\t<div class=\"eltd-accordion-content-inner\">\n\t\t\n\t<div class=\"wpb_text_column wpb_content_element\" >\n\t\t<div class=\"wpb_wrapper\">\n\t\t\t<h3 style=\"text-align: center;\">Yiyerek Nas\u0131l Zay\u0131flar\u0131m?<\/h3>\n<h4 style=\"text-align: center; font-size: 16px; padding: 10px;\">02 A\u011fustos \u00c7ar\u015famba<\/h4>\n<h4 style=\"text-align: center; font-size: 16px; padding: 10px;\"><img loading=\"lazy\" decoding=\"async\" class=\"alignnone size-medium wp-image-11441\" src=\"https:\/\/whitelotusbodrum.com\/wp-content\/uploads\/2023\/07\/WhatsApp-Image-2023-07-17-at-10.24.04-300x297.jpeg\" alt=\"\" width=\"200\" height=\"300\" \/><br \/>\nBahattin G\u00fcnen\u00e7 ile birlikte<\/h4>\n<p>&nbsp;<\/p>\n<ul style=\"font-size: 16px; margin-left: 20px;\">\n<li style=\"text-align: left;\">\u0130nsanlar bilin\u00e7 ve bilin\u00e7 alt\u0131 vas\u0131tas\u0131 ile kendilerine nas\u0131l bakmas\u0131 gerekti\u011fi.<\/li>\n<li style=\"text-align: left;\">D\u00fc\u015f\u00fcncenin nas\u0131l de\u011fi\u015fece\u011fi ve d\u00fc\u015f\u00fcncenin de\u011fi\u015fmesi ile hayatlar\u0131n\u0131n nas\u0131l de\u011fi\u015fece\u011fi<\/li>\n<li style=\"text-align: left;\">Beslenme \u015feklimizin nas\u0131l olmas\u0131 gerekti\u011fi<\/li>\n<li style=\"text-align: left;\">Yiyerek nas\u0131l zay\u0131flayabilece\u011fimiz<\/li>\n<li style=\"text-align: left;\">Uykumuzun d\u00fczenli olmas\u0131n\u0131n faydalar\u0131<\/li>\n<li style=\"text-align: left;\">Hareket etmenin bedene verdi\u011fi imkan ve faydalar\u0131<\/li>\n<li style=\"text-align: left;\">Nas\u0131l nefes alaca\u011f\u0131m\u0131z ve nefesin bedenimize saglad\u0131\u011f\u0131 imkanlar<\/li>\n<li>Ses \u00c7anaklar\u0131 ile \u015eifa Seans\u0131<\/li>\n<li style=\"text-align: left; font-weight: bold;\">. . .<\/li>\n<\/ul>\n<h4 style=\"font-size: 16px; padding: 10px; margin-top: 10px; text-transform: none; text-align: left;\"><strong>BAHATTIN GUNENC<\/strong><\/h4>\n<h4 style=\"font-size: 16px; padding: 10px; margin-top: 10px; text-transform: none; text-align: left;\" class=\" translation-block\">Marmara \u00dcniversitesi i\u015fletme b\u00f6l\u00fcm\u00fcn\u00fc bitirdi.<br>\n\u00c7al\u0131\u015fma hayatina aile \u015firketlerinin y\u00f6netimiyle ba\u015flad\u0131.<br>\nOtomotiv sekt\u00f6r\u00fcnde \u00e7al\u0131\u015ft\u0131, halen gayrimenkul de\u011ferlendirme projeleri ve gayrimenkul dan\u0131\u015fmanl\u0131\u011f\u0131 yap\u0131yor, ara\u015ft\u0131rmac\u0131, yazar. Ki\u015fisel geli\u015fim konular\u0131nda ara\u015ft\u0131rmalar yaparak e\u011fitimler veriyor. <br>\n\u201cD\u00fc\u015f\u00fcnceni de\u011fi\u015ftir mutlu ol\u201dun yazar\u0131.\nD\u00fcnyada toplumlar\u0131n  ya\u015famlar\u0131n\u0131 kolayla\u015ft\u0131racak mutlu insanlar\u0131n yeti\u015fmeleri i\u00e7in seminerler veriyor.<br>\nBir reiki insiyasyonu siras\u0131nda \u015fifa kanallar\u0131n\u0131n a\u00e7\u0131lmas\u0131 ile \u015fifac\u0131l\u0131\u011fa ba\u015flad\u0131.<\/h4>\n\n\t\t<\/div>\n\t<\/div>\n<div class=\"vc_empty_space\"   style=\"height: 32px\"><span class=\"vc_empty_space_inner\"><\/span><\/div><div class=\"vc_empty_space\"   style=\"height: 32px\"><span class=\"vc_empty_space_inner\"><\/span><\/div><a href=\"https:\/\/api.whatsapp.com\/send?phone=905075793531&#038;text=Yiyerek%20nas\u0131l%20zay\u0131flar\u0131m?\" target=\"_self\" style=\"margin: 0px 0px 0px 70px\" class=\"eltd-btn eltd-btn-medium eltd-btn-solid eltd-btn-icon eltd-btn-gradient_hover\"  >\n    <span class=\"eltd-btn-text\">Rezervasyon<\/span>\n    <i class=\"eltd-icon-font-awesome fa fa-whatsapp\" ><\/i><\/a>\t<\/div>\n<\/div><\/div><div class=\"vc_empty_space\"   style=\"height: 20px\"><span class=\"vc_empty_space_inner\"><\/span><\/div><div class=\"eltd-accordion-holder clearfix eltd-toggle eltd-initial\">\n\t<h4 class=\"clearfix eltd-title-holder\">\n\t<span class=\"eltd-accordion-mark eltd-left-mark\">\n\t\t<span class=\"eltd-accordion-mark-icon\">\n\t\t\t<span class=\"icon_plus\"><\/span>\n\t\t\t<span class=\"icon_minus-06\"><\/span>\n\t\t<\/span>\n\t<\/span>\n\t<span class=\"eltd-tab-title\">\n\t\t<span class=\"eltd-tab-title-inner\">\n\t\t\tAile Dizimi \u00c7al\u0131\u015fmas\u0131 (12 - 13 A\u011fustos 2023)\t\t<\/span>\n\t<\/span>\n<\/h4>\n<div class=\"eltd-accordion-content\" >\n\t<div class=\"eltd-accordion-content-inner\">\n\t\t\n\t<div class=\"wpb_text_column wpb_content_element\" >\n\t\t<div class=\"wpb_wrapper\">\n\t\t\t<h3 style=\"text-align: center;\">Aile Dizimi \u00c7al\u0131\u015fmas\u0131<\/h3>\n<h4 style=\"text-align: center; font-size: 16px; padding: 10px;\">12 A\u011fustos Cumartesi - 13 A\u011fustos Pazar<\/h4>\n<h4 style=\"text-align: center; font-size: 16px; padding: 10px;\"><img loading=\"lazy\" decoding=\"async\" class=\"alignnone size-medium wp-image-11441\" src=\"https:\/\/whitelotusbodrum.com\/wp-content\/uploads\/2023\/07\/WhatsApp-Image-2023-07-06-at-16.39.32-200x300.jpeg\" alt=\"\" width=\"200\" height=\"300\" srcset=\"https:\/\/whitelotusbodrum.com\/wp-content\/uploads\/2023\/07\/WhatsApp-Image-2023-07-06-at-16.39.32-200x300.jpeg 200w, https:\/\/whitelotusbodrum.com\/wp-content\/uploads\/2023\/07\/WhatsApp-Image-2023-07-06-at-16.39.32-683x1024.jpeg 683w, https:\/\/whitelotusbodrum.com\/wp-content\/uploads\/2023\/07\/WhatsApp-Image-2023-07-06-at-16.39.32-768x1152.jpeg 768w, https:\/\/whitelotusbodrum.com\/wp-content\/uploads\/2023\/07\/WhatsApp-Image-2023-07-06-at-16.39.32-1024x1536.jpeg 1024w, https:\/\/whitelotusbodrum.com\/wp-content\/uploads\/2023\/07\/WhatsApp-Image-2023-07-06-at-16.39.32-8x12.jpeg 8w, https:\/\/whitelotusbodrum.com\/wp-content\/uploads\/2023\/07\/WhatsApp-Image-2023-07-06-at-16.39.32.jpeg 1066w\" sizes=\"auto, (max-width: 200px) 100vw, 200px\" \/><br \/>\n\u015eeyla Sansino ile birlikte<\/h4>\n<p>&nbsp;<\/p>\n<ul style=\"font-size: 16px; margin-left: 20px;\">\n<li style=\"text-align: left;\">\u0130lk \u0130li\u015fkimiz<\/li>\n<li style=\"text-align: left;\">\u0130li\u015fkiler ile ba\u011flanma<\/li>\n<li style=\"text-align: left;\">Yap\u0131c\u0131 \u0130li\u015fkiler<\/li>\n<li style=\"text-align: left;\">Y\u0131k\u0131c\u0131 \u0130li\u015fkiler<\/li>\n<li style=\"text-align: left;\">\u0130li\u015fkiler ve Para<\/li>\n<li style=\"text-align: left;\">\u0130li\u015fkiler ve Hastal\u0131klar<\/li>\n<li style=\"text-align: left;\">\u0130li\u015fkiler ve \u0130\u015f Ya\u015fam\u0131<\/li>\n<li style=\"text-align: left; font-weight: bold;\">. . .<\/li>\n<\/ul>\n<p>&nbsp;<\/p>\n<h4 style=\"font-size: 16px; padding: 10px; margin-top: 10px; text-transform: none; text-align: left;\">\u0130li\u015fkilerimiz bizim iyi olma, ac\u0131 \u00e7ekme halimizin kaynaklar\u0131d\u0131r. Geli\u015fim ve b\u00fcy\u00fcmenin en \u00f6nemli yap\u0131lanmas\u0131 olan ili\u015fkilerimizi sa\u011fl\u0131kl\u0131 bir \u015fekilde ya\u015f\u0131yor muyuz? \u0130ki g\u00fcn boyunca Aile, Travma ve Niyet Konstelasyon (Aile Dizimi ve Travma) \u00e7al\u0131\u015fmalar\u0131n\u0131n yan\u0131 s\u0131ra a\u015fa\u011f\u0131da belirtilen konulardan bahsediyor olaca\u011f\u0131z.<\/h4>\n<h4 style=\"font-size: 16px; padding: 10px; margin-top: 10px; text-transform: none; text-align: left;\">Kimler Faydalanabilir?<\/h4>\n<p>&nbsp;<\/p>\n<ul style=\"font-size: 16px; margin-left: 20px;\">\n<li style=\"text-align: left;\" class=\" translation-block\">\u00c7ocukluktaki ba\u011flanma modellerimizin yeti\u015fkin ili\u015fkimizde devam eden etkisini anlamak, deneyimlemek isteyenler<\/li>\n<li style=\"text-align: left;\">\u0130\u00e7inde bulundu\u011fu durumdan memnun olmay\u0131p, de\u011fi\u015ftirmekte zorlananlar<br \/>\nchanging it<\/li>\n<li style=\"text-align: left;\">A\u00e7\u0131klanamayan \u00fcz\u00fcnt\u00fc, utan\u00e7, k\u0131zg\u0131nl\u0131k ve su\u00e7luluk duygusu ya\u015fayanlar<\/li>\n<\/ul>\n<p>&nbsp;<\/p>\n<h4 style=\"font-size: 16px; padding: 10px; margin-top: 10px; text-transform: none; text-align: left;\"><strong>\u015eEYLA SANSINO<\/strong><\/h4>\n<h4 style=\"font-size: 16px; padding: 10px; margin-top: 10px; text-transform: none; text-align: left;\" class=\" translation-block\">\u015eeyla Sonsino, gen\u00e7 ya\u015flar\u0131nda ziyaret etti\u011fi Hindistan\u2019da, 3 sene do\u011fu felsefesi ve\nmeditasyon e\u011fitimi ald\u0131. Bu s\u00fcre\u00e7te \u00e7ok de\u011ferli hocalarla i-ching ve tarot felsefesini\n\u00e7al\u0131\u015ft\u0131; takiben, psikoloji, mitoloji ve NLP e\u011fitimleri ile do\u011fu felsefesine bat\u0131 bilgilerini\nde ekleyerek yolculu\u011funa devam etti.<br>\n20 y\u0131l boyunca bir yandan tekstil sekt\u00f6r\u00fcnde y\u00f6netici olarak \u00e7al\u0131\u015f\u0131rken, di\u011fer yandan\nda T\u00fcrkiye, Almanya ve \u0130ngiltere\u2019de ald\u0131\u011f\u0131 \u201caile ve niyet konstelasyonu\u201d, \u201ctravma ve\nba\u011flanma i\u00e7eri\u011fini kapsayan kimlik temelli konstelasyon\u201d ve \u201csistemik organizasyonel\nkonstelasyon\u201c e\u011fitimlerinden sonra \u201dGe\u015ftalt Psikolojisi\u201d ve \u201cCarl Gustav Jung\u2019un\nanalitik psikoloji\u201c e\u011fitimleri ile ayn\u0131 paralellikte ko\u00e7luk e\u011fitimini tamamlay\u0131p, Ge\u015ftalt\nve Jung bak\u0131\u015f a\u00e7\u0131lar\u0131n\u0131 konstelasyon ve ko\u00e7luk \u00e7al\u0131\u015fmalar\u0131na ekledi.<br>\n2012 y\u0131l\u0131ndan itibaren s\u00fcrd\u00fcrd\u00fc\u011f\u00fc ve \u201ckonstelasyon kolayla\u015ft\u0131r\u0131c\u0131s\u0131\u201d olarak devam\netti\u011fi profesyonel ko\u00e7luk hayat\u0131na, 2018\u2019de \u201ckonstelasyon e\u011fitmenli\u011fini\u201d de ekledi.<br>\n2019 y\u0131l\u0131ndan itibaren de \u201czihin, beden, duygu b\u00fct\u00fcnl\u00fc\u011f\u00fc\u201d ile ilgili 30 senelik bilgi\nbirikimlerini ve deneyimlerini payla\u015fmak ve de \u00e7o\u011faltmak i\u00e7in, farkl\u0131 konularda ki\u015fisel\nve kurumsal e\u011fitimler vermeye ba\u015flad\u0131.\nBug\u00fcn halen sevgi ve tutkuyla ta\u015f\u0131d\u0131\u011f\u0131 \u201ckonstelasyon kolayla\u015ft\u0131r\u0131c\u0131s\u0131\u201d unvan\u0131n\u0131n yan\u0131\ns\u0131ra bireysel ve kurumsal e\u011fitmen ve dan\u0131\u015fman olarak \u00e7al\u0131\u015fmalar\u0131na devam\netmektedir.<\/h4>\n\n\t\t<\/div>\n\t<\/div>\n<div class=\"vc_empty_space\"   style=\"height: 32px\"><span class=\"vc_empty_space_inner\"><\/span><\/div><div class=\"vc_empty_space\"   style=\"height: 32px\"><span class=\"vc_empty_space_inner\"><\/span><\/div><a href=\"https:\/\/api.whatsapp.com\/send?phone=905075793531&#038;text=Aile%20Dizimi%20Kamp\u0131%20(Seyla%20Hoca)\" target=\"_self\" style=\"margin: 0px 0px 0px 70px\" class=\"eltd-btn eltd-btn-medium eltd-btn-solid eltd-btn-icon eltd-btn-gradient_hover\"  >\n    <span class=\"eltd-btn-text\">Rezervasyon<\/span>\n    <i class=\"eltd-icon-font-awesome fa fa-whatsapp\" ><\/i><\/a>\t<\/div>\n<\/div><\/div><div class=\"vc_empty_space\"   style=\"height: 20px\"><span class=\"vc_empty_space_inner\"><\/span><\/div><div class=\"eltd-accordion-holder clearfix eltd-toggle eltd-initial\">\n\t<h4 class=\"clearfix eltd-title-holder\">\n\t<span class=\"eltd-accordion-mark eltd-left-mark\">\n\t\t<span class=\"eltd-accordion-mark-icon\">\n\t\t\t<span class=\"icon_plus\"><\/span>\n\t\t\t<span class=\"icon_minus-06\"><\/span>\n\t\t<\/span>\n\t<\/span>\n\t<span class=\"eltd-tab-title\">\n\t\t<span class=\"eltd-tab-title-inner\">\n\t\t\tTheta Healing (16 A\u011fustos 2023)\t\t<\/span>\n\t<\/span>\n<\/h4>\n<div class=\"eltd-accordion-content\" >\n\t<div class=\"eltd-accordion-content-inner\">\n\t\t\n\t<div class=\"wpb_text_column wpb_content_element\" >\n\t\t<div class=\"wpb_wrapper\">\n\t\t\t<h3 style=\"text-align: center;\">Theta \u015eifas\u0131<\/h3>\n<h4 style=\"text-align: center; font-size: 16px; padding: 10px;\">16 A\u011fustos \u00c7ar\u015famba<\/h4>\n\n\t\t<\/div>\n\t<\/div>\n<div class=\"vc_empty_space\"   style=\"height: 32px\"><span class=\"vc_empty_space_inner\"><\/span><\/div><div class=\"vc_empty_space\"   style=\"height: 32px\"><span class=\"vc_empty_space_inner\"><\/span><\/div><a href=\"https:\/\/api.whatsapp.com\/send?phone=905075793531&#038;text=Theta%20Kamp\u0131\" target=\"_self\" style=\"margin: 0px 0px 0px 70px\" class=\"eltd-btn eltd-btn-medium eltd-btn-solid eltd-btn-icon eltd-btn-gradient_hover\"  >\n    <span class=\"eltd-btn-text\">Rezervasyon<\/span>\n    <i class=\"eltd-icon-font-awesome fa fa-whatsapp\" ><\/i><\/a>\t<\/div>\n<\/div><\/div><div class=\"vc_empty_space\"   style=\"height: 20px\"><span class=\"vc_empty_space_inner\"><\/span><\/div><div class=\"eltd-accordion-holder clearfix eltd-toggle eltd-initial\">\n\t<h4 class=\"clearfix eltd-title-holder\">\n\t<span class=\"eltd-accordion-mark eltd-left-mark\">\n\t\t<span class=\"eltd-accordion-mark-icon\">\n\t\t\t<span class=\"icon_plus\"><\/span>\n\t\t\t<span class=\"icon_minus-06\"><\/span>\n\t\t<\/span>\n\t<\/span>\n\t<span class=\"eltd-tab-title\">\n\t\t<span class=\"eltd-tab-title-inner\">\n\t\t\tNefesli Ya\u015fam Kamp\u0131 (25 - 27 A\u011fustos)\t\t<\/span>\n\t<\/span>\n<\/h4>\n<div class=\"eltd-accordion-content\" >\n\t<div class=\"eltd-accordion-content-inner\">\n\t\t\n\t<div class=\"wpb_text_column wpb_content_element\" >\n\t\t<div class=\"wpb_wrapper\">\n\t\t\t<h3 style=\"text-align: center;\">Nefesli Ya\u015fam Kamp\u0131<\/h3>\n<h4 style=\"text-align: center; font-size: 16px; padding: 10px;\">25 A\u011fustos Cuma - 27 A\u011fustos Pazar<\/h4>\n<h4 style=\"text-align: center; font-size: 16px; padding: 10px;\"><img loading=\"lazy\" decoding=\"async\" class=\"alignnone size-medium wp-image-11143\" src=\"https:\/\/whitelotusbodrum.com\/wp-content\/uploads\/2023\/03\/WhatsApp-Image-2023-02-18-at-15.27.33.jpeg\" alt=\"\" width=\"209\" height=\"300\" \/><img loading=\"lazy\" decoding=\"async\" class=\"alignnone size-medium wp-image-11144\" src=\"https:\/\/whitelotusbodrum.com\/wp-content\/uploads\/2023\/03\/WhatsApp-Image-2023-02-18-at-15.27.33-1.jpeg\" alt=\"\" width=\"201\" height=\"300\" \/><br \/>\nAlegra Benardete ve Sema G\u00fcrses ile birlikte<\/h4>\n<p>&nbsp;<\/p>\n<ul style=\"font-size: 16px; margin-left: 20px;\">\n<li style=\"text-align: left;\">Wellness ve Medikal Sohbetler<\/li>\n<li style=\"text-align: left;\">Enerjisel Ar\u0131nma<\/li>\n<li style=\"text-align: left;\">Nefes ile Detoks ve Ar\u0131nma<\/li>\n<li style=\"text-align: left;\">Ses Terapisi<\/li>\n<li style=\"text-align: left;\" class=\" translation-block\">JAAS seanslar\u0131 (<em>Jean Adrian Ar\u0131nma Sistemi ile atalardan, aileden gelen enerjilerin ar\u0131nd\u0131r\u0131lmas\u0131, hayat\u0131m\u0131zdaki engellerin kald\u0131r\u0131lmas\u0131 \u00e7al\u0131\u015fmas\u0131<\/em>)<\/li>\n<li style=\"text-align: left;\">\u015eans, Bolluk ve Bereket Meditasyonlar\u0131<\/li>\n<li style=\"text-align: left;\">Bitkilerin G\u00fcc\u00fc ve Frekanslar<\/li>\n<li style=\"text-align: left;\">Mandala<\/li>\n<li style=\"text-align: left;\">Semboller<\/li>\n<li style=\"text-align: left;\">Ruh \u0130kizini Tan\u0131ma ve \u0130leti\u015fim<\/li>\n<li style=\"text-align: left;\">Astroloji ve D\u00f6ng\u00fcler<\/li>\n<li style=\"text-align: left;\">Fark\u0131ndal\u0131k ve Enerji Y\u00fckselten Oyunlar<\/li>\n<li style=\"text-align: left;\">Da\u011flar\u0131n Aras\u0131nda Antik Kentte Mistik Enerjilerle Bulu\u015fma<\/li>\n<li style=\"text-align: left;\">Do\u011fa Y\u00fcr\u00fcy\u00fc\u015fleri<\/li>\n<li style=\"text-align: left; font-weight: bold;\">. . .<\/li>\n<\/ul>\n<p>&nbsp;<\/p>\n<h4 style=\"font-size: 16px; padding: 10px; margin-top: 10px; text-transform: none; text-align: left;\" class=\" translation-block\">White Lotus  Bodrumda Da\u011fbelen b\u00f6lgesinin e\u015fsiz \u015fifa dolu alan\u0131nda   bilim ve mistisizimi birle\u015ftirerek olu\u015fturdu\u011fumuz  kendini iyi hissetme halini deneyimleyerek, iyi ya\u015fam\u0131n anahtar\u0131na sahip olacaks\u0131n\u0131z. Ayn\u0131 zamanda detoks etkisi yaratan bir dizi \u00e7al\u0131\u015fma ile bedenin \u015fifas\u0131na arac\u0131l\u0131k edece\u011fiz.<br>\n\nBu deneyimsel yolculukta, kullanaca\u011f\u0131m\u0131z bir\u00e7ok de\u011fi\u015fim ve d\u00f6n\u00fc\u015f\u00fcm yaratan ara\u00e7lara sahip olacaks\u0131n\u0131z. Haz\u0131rlad\u0131\u011f\u0131m\u0131z keyifli ak\u0131\u015fta hepsini sizlerle payla\u015faca\u011f\u0131z. Program\u0131m\u0131zda nefes, meditasyon, fiziksel aktiviteler, sesin \u015fifas\u0131, enerji, frekans, semboller, mandala, astrolojik d\u00f6ng\u00fcler, niyetin g\u00fcc\u00fc, fark\u0131ndal\u0131k egzersizleri, enerji y\u00fckselten oyunlar ve s\u00fcrprizlerimiz.. \n<br>\nKendinize yapaca\u011f\u0131n\u0131z  yolculuk en de\u011ferli yolculuktur. Hep beraber yeniden hat\u0131rlayal\u0131m ve keyfini \u00e7\u0131kartal\u0131m.<\/h4>\n<h4 style=\"font-size: 16px; padding: 10px; margin-top: 10px; text-transform: none; text-align: left;\"><strong>ALEGRA BENARDETE<\/strong><\/h4>\n<h4 style=\"font-size: 16px; padding: 10px; margin-top: 10px; text-transform: none; text-align: left;\">Transformal Nefesi K\u0131demli E\u011fitmeni<\/h4>\n<h4 style=\"font-size: 16px; padding: 10px; margin-top: 10px; text-transform: none; text-align: left;\">Born in 1970 in Istanbul, Alegra has worked in various companies in the field of public relations in order to capture the colors of communication in every field. She worked as the Assistant General Manager at Saniva and SERVUS Computer Companies. She also served as assistant general manager in the company, which is a partner of HITACHI DATA Systems.<\/h4>\n<h4 style=\"font-size: 16px; padding: 10px; margin-top: 10px; text-transform: none; text-align: left;\">She started her personal journey in 2006. Opening to the energies of Deeksha and Divine Light, she also practiced healing as a REIKI Master. During this journey, she met in 2008, the founder of the Transformational Breath\u00ae Foundation (TBF), Dr. Completing the training she received from Judith Kravitz, she is the Foundation&#8217;s Senior Instructor. In this process, she had the opportunity to work with many personal development schools and very valuable guides. She met many good guides who made her path easier at RADIA Geli\u015fim and Darga Academy.<\/h4>\n<h4 style=\"font-size: 16px; padding: 10px; margin-top: 10px; text-transform: none; text-align: left;\" class=\" translation-block\">Di\u011fer ald\u0131\u011f\u0131 e\u011fitimlerden baz\u0131lar\u0131:\n\u0130lahi Nur \/Kiera Windrider'dan\nMERKABA e\u011fitmimi Ron La Place 'tan,\nPranic \u015eifa e\u011fitimimi Alan Horne'dan, alm\u0131\u015ft\u0131r.\nABD Kairos Enstit\u00fcs\u00fc Acutonics\u00ae (Sesle \u015eifa) Level 1 &amp; 2 e\u011fitimimi Ron La Place'tan alarak, nefes ve ses \u015fifas\u0131 at\u00f6lyeleri d\u00fczenlemektedir.<\/h4>\n<h4 style=\"font-size: 16px; padding: 10px; margin-top: 10px; text-transform: none; text-align: left;\">Alegra Benardete, kendini ke\u015fif yolculu\u011fu s\u0131ras\u0131nda 2016 y\u0131l\u0131nda i\u00e7sel bir \u00f6ng\u00f6r\u00fc ile ALEGRIA Markas\u0131n\u0131 hayata ge\u00e7irip XVII ismini verdi\u011fi parf\u00fcm\u00fcn\u00fc \u00fcretmi\u015ftir. Bireysel giri\u015fimi, yarat\u0131c\u0131l\u0131k ve motivasyonunu artt\u0131rm\u0131\u015f olup parf\u00fcmeri sekt\u00f6r\u00fcnde de deneyim kazanmas\u0131n\u0131 sa\u011flam\u0131\u015ft\u0131r. Kurumsal ve bireysel at\u00f6lyeler d\u00fczenlemektedir. Alegra Benardete, t\u00fcm \u00e7al\u0131\u015fmalar\u0131n\u0131 yaratt\u0131\u011f\u0131 Nefesli Ya\u015fam Fark\u0131ndal\u0131k At\u00f6lyesi ve Nefesli Ya\u015fam Fark\u0131ndal\u0131k Oyunlar\u0131 At\u00f6lyesinde bir araya getirmi\u015ftir. Bu yolculukta edindi\u011fi k\u0131ymetli deneyimlerini, dan\u0131\u015fanlar\u0131n\u0131n do\u011fru nefes alarak ya\u015famlar\u0131ndaki i\u00e7sel potansiyellerini a\u00e7\u0131\u011fa \u00e7\u0131kartmalar\u0131na yard\u0131mc\u0131 olarak rehberlik yapmaktad\u0131r. Zorlu s\u00fcre\u00e7leri rahat y\u00f6netmek ve yeni bak\u0131\u015f a\u00e7\u0131lar\u0131yla yeni d\u00fcnyayla uyumlu, dengeli ya\u015faman\u0131n anahtar\u0131n\u0131 sunmaya devam etmektedir.<\/h4>\n<h4 style=\"font-size: 16px; padding: 10px; margin-top: 10px; text-transform: none; text-align: left;\"><strong>SEMA TAMER G\u00dcRSES<\/strong><\/h4>\n<h4 style=\"font-size: 16px; padding: 10px; margin-top: 10px; text-transform: none; text-align: left;\">AMANTARA \u0130STANBUL Wellness , Kurucu ve Y\u00f6netim Dan\u0131\u015fman\u0131<\/h4>\n<h4 style=\"font-size: 16px; padding: 10px; margin-top: 10px; text-transform: none; text-align: left;\">Sema Tamer G\u00fcrses 1965 y\u0131l\u0131nda \u00c7orlu'da do\u011fdu.\u0130stanbul \u00dcniversitesi \u0130ktisat Fak\u00fcltesi ve paralelinde Bilgisayar Programlama e\u011fitimlerini tamamlad\u0131.<\/h4>\n<h4 style=\"font-size: 16px; padding: 10px; margin-top: 10px; text-transform: none; text-align: left;\">1985 y\u0131l\u0131nda IBM ile ba\u015flayan i\u015f hayat\u0131 \u0130stanbul Belediye Ba\u015fkan\u0131 ( Bedrettin Dalan ) Bilgi \u0130\u015flem Dan\u0131\u015fmal\u0131\u011f\u0131, \u0130stek Vak\u0131f\u0131 Okullar\u0131n\u0131n sistem kurulumu g\u00f6revleriyle devam etti. 1986 y\u0131l\u0131nda UNILEVER\u2019de IT Y\u00f6necisi olarak i\u015fe ba\u015flay\u0131p ekipleri ile farkl\u0131 i\u015f alanlar\u0131 ve sorumluluklarla, 3 k\u0131ta 36 \u00fclkede IT &amp; Sat\u0131\u015f Sistem kurulumlar\u0131 yapt\u0131.G\u0131da, Temizlik, Kozmetik ve Algida Dondurma gruplar\u0131 sat\u0131\u015f ve IT sistemlerini y\u00f6netti.Sorumluluklar\u0131 aras\u0131nda yer alan Dubai, Abudabi, Emirlikler, Kuwait, Katar, \u0130ran, K\u0131br\u0131s ve t\u00fcm Balkan \u00dclkelerinde IT sistemlerinin kurulumu g\u00f6revini ekipleri ile birlikte 28 y\u0131l y\u00fcr\u00fctt\u00fc.<\/h4>\n<h4 style=\"font-size: 16px; padding: 10px; margin-top: 10px; text-transform: none; text-align: left;\">Daha sonra Lokum \u0130stanbul'da CEO\u2019luk g\u00f6revini \u00fcstlendi.<\/h4>\n<h4 style=\"font-size: 16px; padding: 10px; margin-top: 10px; text-transform: none; text-align: left;\">2012 y\u0131l\u0131ndan itibaren wellness &amp; sa\u011fl\u0131k alan\u0131nda \u00f6nemli doktor ve ekiplerin dan\u0131\u015fmanl\u0131klar\u0131n\u0131 yapt\u0131.Sa\u011fl\u0131k Turizmi ve Klinik Wellness alan\u0131nda Dubai-Abudabi-Katar-Kuwait ba\u015fta olmak \u00fczere d\u00fcnyada konusunda otorite olan ki\u015fi ve firmalar\u0131n \u0130stanbul\u2019da parner lar\u0131 olarak \u00e7al\u0131\u015ft\u0131.<\/h4>\n<h4 style=\"font-size: 16px; padding: 10px; margin-top: 10px; text-transform: none; text-align: left;\">\u015eu anda kurucusu oldu\u011fu yenilebilir do\u011fal kozmetik ve sa\u011fl\u0131kl\u0131 ya\u015fam markas\u0131 olan AMANTARA \u0130STANBUL\u2019da dan\u0131\u015fman ve y\u00f6netici olarak \u00e7al\u0131\u015fmaktad\u0131r.Sa\u011fl\u0131k, do\u011fal \u00fcr\u00fcnler, sa\u011fl\u0131kl\u0131 ve kaliteli ya\u015fam konular\u0131nda \u00f6zel projeler ve \u00fcr\u00fcnler \u00e7al\u0131\u015f\u0131lmaktad\u0131r.<\/h4>\n<h4 style=\"font-size: 16px; padding: 10px; margin-top: 10px; text-transform: none; text-align: left;\">\u0130\u015f geli\u015ftirme, l\u00fcks markalara do\u011fal tasar\u0131mlar ve dan\u0131\u015fmanl\u0131k, kozmetik, do\u011fal ve lokal butik \u00fcr\u00fcnler, sa\u011fl\u0131kl\u0131 beslenme, wellness, kurumsal ko\u00e7luk ve mentorlu\u011fu yapmaktad\u0131r.T\u00fcrkiye\u2019nin lokal de\u011ferlerini, do\u011fas\u0131ndan gelenleri, eski gelenekleri ve \u00fcretimleri, el i\u015fcili\u011fini, rit\u00fcelleri g\u00fcn\u00fcm\u00fcze ta\u015fayarak ya\u015famas\u0131n\u0131 sa\u011flamak projelerinde ana konulard\u0131r.<\/h4>\n<h4 style=\"font-size: 16px; padding: 10px; margin-top: 10px; text-transform: none; text-align: left;\" class=\" translation-block\">Kurumsal i\u015f hayat\u0131 paralelinde \u00e7o\u00e7uklu\u011fundan itibaren ilgi alanlar\u0131 olan enerjiler, beyin g\u00fcc\u00fc, astroloji, mistik uygulamalar, bitkiler konusunda uzun y\u0131llar yurti\u00e7i ve yurtd\u0131\u015f\u0131nda e\u011fitimler alm\u0131\u015ft\u0131r.Pek \u00e7ok uygulama ve e\u011fitimlerin T\u00fcrkiye\u2019deki uygulay\u0131c\u0131s\u0131 ve e\u011fitmenidir.\nUzmanl\u0131k alanlar\u0131 Reconnective Healing ( ABD ), Mistik Astroloji ( Astroloji Okulu - \u00d6ner D\u00f6\u015fer ), Dragonik Astroloji, JAAS Jean Adrian Ar\u0131nma Sistemleri, Enerjiler, Bitkiler, Mandralar &amp; Rit\u00fceller, \u015eamanik Uygulamalar, RUNE Sembolleri, Klinik Well-being yer almaktad\u0131r.<\/h4>\n<h4 style=\"font-size: 16px; padding: 10px; margin-top: 10px; text-transform: none; text-align: left;\">Hep do\u011fa ile simbiyotik olarak ya\u015famak gerekti\u011fine olan inanc\u0131yla do\u011fal ve do\u011fada sa\u011fl\u0131kl\u0131 ya\u015fam konular\u0131nda fark\u0131ndal\u0131klar yaratmaya \u00e7al\u0131\u015fmaktad\u0131r.Uzman doktor ve ekiplerle birlikte hastalanmadan \u00f6nce \u00f6nlem alma, sa\u011fl\u0131kl\u0131 ya\u015f alma, fonsiyonel t\u0131p, sa\u011fl\u0131kl\u0131 ve do\u011fal beslenme, detox, ar\u0131nma vs konular\u0131nda \u00e7ok \u00e7e\u015fitli seminerler, kongreler, programlar yapmaktad\u0131rlar.<\/h4>\n<h4 style=\"font-size: 16px; padding: 10px; margin-top: 10px; text-transform: none; text-align: left;\" class=\" translation-block\">Dan\u0131\u015fman ve e\u011fitmen olarak \u00e7al\u0131\u015fmalar\u0131na wellness merkezleri, oteller, spalar, klinikler vs de devam etmektedir.<\/h4>\n<h4 style=\"font-size: 16px; padding: 10px; margin-top: 10px; text-transform: none; text-align: left;\" class=\" translation-block\">\u00dcretim ve e\u011fitim projeleri s\u0131ras\u0131nda do\u011faya sayg\u0131, kad\u0131n eme\u011fi, k\u0131rsalda projeler, ya\u015fl\u0131lar ve \u00e7ocuklar ile s\u00fcrd\u00fcr\u00fclebilir ya\u015fam politikalar\u0131na destek verilmesi \u00f6n planda tutulmaktad\u0131r.<\/h4>\n\n\t\t<\/div>\n\t<\/div>\n<div class=\"vc_empty_space\"   style=\"height: 32px\"><span class=\"vc_empty_space_inner\"><\/span><\/div><div class=\"vc_empty_space\"   style=\"height: 32px\"><span class=\"vc_empty_space_inner\"><\/span><\/div><a href=\"https:\/\/api.whatsapp.com\/send?phone=905075793531&#038;text=Breathing%20Kamp\u0131\" target=\"_self\" style=\"margin: 0px 0px 0px 70px\" class=\"eltd-btn eltd-btn-medium eltd-btn-solid eltd-btn-icon eltd-btn-gradient_hover\"  >\n    <span class=\"eltd-btn-text\">Rezervasyon<\/span>\n    <i class=\"eltd-icon-font-awesome fa fa-whatsapp\" ><\/i><\/a>\t<\/div>\n<\/div><\/div><div class=\"vc_empty_space\"   style=\"height: 20px\"><span class=\"vc_empty_space_inner\"><\/span><\/div><div class=\"eltd-accordion-holder clearfix eltd-toggle eltd-initial\">\n\t<h4 class=\"clearfix eltd-title-holder\">\n\t<span class=\"eltd-accordion-mark eltd-left-mark\">\n\t\t<span class=\"eltd-accordion-mark-icon\">\n\t\t\t<span class=\"icon_plus\"><\/span>\n\t\t\t<span class=\"icon_minus-06\"><\/span>\n\t\t<\/span>\n\t<\/span>\n\t<span class=\"eltd-tab-title\">\n\t\t<span class=\"eltd-tab-title-inner\">\n\t\t\tYoga Kamp\u0131 (31 A\u011fustos - 03 Eyl\u00fcl 2023)\t\t<\/span>\n\t<\/span>\n<\/h4>\n<div class=\"eltd-accordion-content\" >\n\t<div class=\"eltd-accordion-content-inner\">\n\t\t\n\t<div class=\"wpb_text_column wpb_content_element\" >\n\t\t<div class=\"wpb_wrapper\">\n\t\t\t<h3 style=\"text-align: center;\">Yoga Kamp\u0131<\/h3>\n<h4 style=\"text-align: center; font-size: 16px; padding: 10px;\">31 A\u011fustos Per\u015fembe - 03 Eyl\u00fcl Pazar<\/h4>\n<h4 style=\"text-align: center; font-size: 16px; padding: 10px;\"><img loading=\"lazy\" decoding=\"async\" class=\"alignnone size-medium wp-image-11143\" src=\"https:\/\/whitelotusbodrum.com\/wp-content\/uploads\/2023\/05\/WhatsApp-Image-2023-05-26-at-12.53.50-225x300.jpeg\" alt=\"\" width=\"209\" height=\"300\" \/><br \/>\nSerpil \u00d6zt\u00fcrk ile birlikte<\/h4>\n<p>&nbsp;<\/p>\n<ul style=\"font-size: 16px; margin-left: 20px;\">\n<li style=\"text-align: left;\">YogAsana<\/li>\n<li style=\"text-align: left;\">Meditasyon<\/li>\n<li style=\"text-align: left;\">Pranayama<\/li>\n<li style=\"text-align: left;\">Yoga Sohbetleri<\/li>\n<li>Satvik Yemekler<\/li>\n<li>Do\u011fa Y\u00fcr\u00fcy\u00fc\u015fleri<\/li>\n<li>Mandala<\/li>\n<li style=\"text-align: left;\">Ses Terapisi<\/li>\n<li>Niyet ve Ate\u015f Seremonisi<\/li>\n<li style=\"text-align: left; font-weight: bold;\">. . .<\/li>\n<\/ul>\n<h4 style=\"font-size: 16px; padding: 10px; margin-top: 10px; text-transform: none; text-align: left;\"><\/h4>\n<h4 style=\"font-size: 16px; padding: 10px; margin-top: 10px; text-transform: none; text-align: left;\"><strong>SERPIL OZTURK<\/strong><\/h4>\n<h4 style=\"font-size: 16px; padding: 10px; margin-top: 10px; text-transform: none; text-align: left;\">Serpil \u00d6zt\u00fcrk Yal\u0131kavak'taki st\u00fcdyosu YogaYolu'nda asana, pranayama, meditasyon ve vedik chanting dersleri vermektedir.<\/h4>\n<h4 style=\"font-size: 16px; padding: 10px; margin-top: 10px; text-transform: none; text-align: left;\">23 y\u0131ll\u0131k e\u011fitmenli\u011fi s\u0131ras\u0131nda yoga felsefesiyle de derinlemesine ilgilenmi\u015f ve bu konuda yazm\u0131\u015f oldu\u011fu  Patanjali Yoga Sutralar\u0131 ve Narada Bhakti Yoga Kitaplar\u0131 yay\u0131nlanm\u0131\u015ft\u0131r.<\/h4>\n\n\t\t<\/div>\n\t<\/div>\n<div class=\"vc_empty_space\"   style=\"height: 32px\"><span class=\"vc_empty_space_inner\"><\/span><\/div><div class=\"vc_empty_space\"   style=\"height: 32px\"><span class=\"vc_empty_space_inner\"><\/span><\/div><a href=\"https:\/\/api.whatsapp.com\/send?phone=905075793531&#038;text=Yoga%20Kamp\u0131\" target=\"_self\" style=\"margin: 0px 0px 0px 70px\" class=\"eltd-btn eltd-btn-medium eltd-btn-solid eltd-btn-icon eltd-btn-gradient_hover\"  >\n    <span class=\"eltd-btn-text\">Rezervasyon<\/span>\n    <i class=\"eltd-icon-font-awesome fa fa-whatsapp\" ><\/i><\/a>\t<\/div>\n<\/div><\/div><div class=\"vc_empty_space\"   style=\"height: 20px\"><span class=\"vc_empty_space_inner\"><\/span><\/div><div class=\"eltd-accordion-holder clearfix eltd-toggle eltd-initial\">\n\t<h4 class=\"clearfix eltd-title-holder\">\n\t<span class=\"eltd-accordion-mark eltd-left-mark\">\n\t\t<span class=\"eltd-accordion-mark-icon\">\n\t\t\t<span class=\"icon_plus\"><\/span>\n\t\t\t<span class=\"icon_minus-06\"><\/span>\n\t\t<\/span>\n\t<\/span>\n\t<span class=\"eltd-tab-title\">\n\t\t<span class=\"eltd-tab-title-inner\">\n\t\t\tBilin\u00e7 Y\u00fckseltme Kamp\u0131 (08 - 10 Eyl\u00fcl 2023)\t\t<\/span>\n\t<\/span>\n<\/h4>\n<div class=\"eltd-accordion-content\" >\n\t<div class=\"eltd-accordion-content-inner\">\n\t\t\n\t<div class=\"wpb_text_column wpb_content_element\" >\n\t\t<div class=\"wpb_wrapper\">\n\t\t\t<h3 style=\"text-align: center;\">Bilin\u00e7 Y\u00fckseltme Kamp\u0131<\/h3>\n<h4 style=\"text-align: center; font-size: 16px; padding: 10px;\">08 Eyl\u00fcl Cuma - 10 Eyl\u00fcl Pazar<\/h4>\n<h4 style=\"text-align: center; font-size: 16px; padding: 10px;\"><img loading=\"lazy\" decoding=\"async\" class=\"alignnone size-medium wp-image-11143\" src=\"https:\/\/whitelotusbodrum.com\/wp-content\/uploads\/2023\/07\/WhatsApp-Image-2023-07-03-at-12.30.35-1.jpeg\" alt=\"\" width=\"209\" height=\"300\" \/><br \/>\nElif Hazal Oran ile birlikte<\/h4>\n<p>&nbsp;<\/p>\n<ul style=\"font-size: 16px; margin-left: 20px;\">\n<li style=\"text-align: left;\">Temel numeroloji e\u011fitimi ve e\u011fitim aralar\u0131nda ufak numerik analizler<\/li>\n<li style=\"text-align: left;\">Temel seviye sarka\u00e7 kullan\u0131m\u0131 ve \u015fifa tekniklerini g\u00fcndelik hayata entegre edebilme<\/li>\n<li style=\"text-align: left;\">Kendi kendine \u015fifa teknikleri ve uygulamalar<\/li>\n<li style=\"text-align: left;\">Ses Terapisi<\/li>\n<li>Mandala<\/li>\n<li style=\"text-align: left;\">Birlikte do\u011fa y\u00fcr\u00fcy\u00fc\u015fleri ve habitat ile ileti\u015fim kurabilme teknikleri \/ Do\u011fada ok\u00fclt uygulamalar<\/li>\n<li style=\"text-align: left; font-weight: bold;\">. . .<\/li>\n<\/ul>\n<h4 style=\"font-size: 16px; padding: 10px; margin-top: 10px; text-transform: none; text-align: left;\"><\/h4>\n<h4 style=\"font-size: 16px; padding: 10px; margin-top: 10px; text-transform: none; text-align: left;\"><strong>ELIF HAZAL ORAN<\/strong><\/h4>\n<h4 style=\"font-size: 16px; padding: 10px; margin-top: 10px; text-transform: none; text-align: left;\">Ruhsal Dan\u0131\u015fman ( Ruhsal Ya\u015fam Ko\u00e7u) \/ Astrolog  \/ Numerolog<\/h4>\n<h4 style=\"font-size: 16px; padding: 10px; margin-top: 10px; text-transform: none; text-align: left;\">\u0130stanbul do\u011fumlu Elif Hazal ORAN, \u00e7ocukluk d\u00f6neminden beri metafizik konular\u0131n ve g\u00f6ksel \u0130limlerinin  i\u00e7erisindedir. Lise ve \u00fcniversite e\u011fitimlerini G\u00fczel Sanatlar alan\u0131nda tamamlam\u0131\u015f olup, bu s\u00fcre\u00e7lerde ve sonras\u0131nda da s\u00fcrekli halde ara\u015ft\u0131rmaya, sorgulamaya, beynin ve ruhun i\u015fleyi\u015fini kavramaya \u00e7al\u0131\u015fm\u0131\u015ft\u0131r.<\/h4>\n<h4 style=\"font-size: 16px; padding: 10px; margin-top: 10px; text-transform: none; text-align: left;\">Ortalama 5 sene ila\u00e7 sekt\u00f6r\u00fcnde \u00f6nce sat\u0131\u015f, sonras\u0131nda ise e\u011fitmen olarak g\u00f6rev yapm\u0131\u015f; devam\u0131nda kendini tamamen Ruhsal  \u00e7al\u0131\u015fmalara, Ok\u00fclt ara\u015ft\u0131rmalara ve \u00f6ng\u00f6r\u00fc ilimlerine ( Ezoterik Astroloji \/ Sembolizm \/ Numeroloji) adam\u0131\u015f olup bu alanlarda hizmet vermektedir.<\/h4>\n<h4 style=\"font-size: 16px; padding: 10px; margin-top: 10px; text-transform: none; text-align: left;\">Amac\u0131; yolu sevgiden ge\u00e7en \u201c\u0130nsanlarla  birlikte olmak ve \u201cRuhu olan bir beden misin, bedeni olan bir ruh mu ?\u201d sorusunun cevab\u0131n\u0131n, RUHTAN hat\u0131rlamas\u0131n\u0131 sa\u011flamakt\u0131r.<\/h4>\n\n\t\t<\/div>\n\t<\/div>\n<div class=\"vc_empty_space\"   style=\"height: 32px\"><span class=\"vc_empty_space_inner\"><\/span><\/div><div class=\"vc_empty_space\"   style=\"height: 32px\"><span class=\"vc_empty_space_inner\"><\/span><\/div><a href=\"https:\/\/api.whatsapp.com\/send?phone=905075793531&#038;text=Numeroloji%20ve%20Sarka\u00e7la%20Bilin\u00e7%20Y\u00fckseltme%20Kamp\u0131\" target=\"_self\" style=\"margin: 0px 0px 0px 70px\" class=\"eltd-btn eltd-btn-medium eltd-btn-solid eltd-btn-icon eltd-btn-gradient_hover\"  >\n    <span class=\"eltd-btn-text\">Rezervasyon<\/span>\n    <i class=\"eltd-icon-font-awesome fa fa-whatsapp\" ><\/i><\/a>\t<\/div>\n<\/div><\/div><div class=\"vc_empty_space\"   style=\"height: 100px\"><span class=\"vc_empty_space_inner\"><\/span><\/div><\/div><\/div><\/div><\/div><\/div><div class=\"vc_row wpb_row vc_row-fluid eltd-section eltd-content-aligment-left\" style=\"\"><div class=\"clearfix eltd-full-section-inner\"><div class=\"wpb_column vc_column_container vc_col-sm-12\"><div class=\"vc_column-inner\"><div class=\"wpb_wrapper\"><\/div><\/div><\/div><\/div><\/div>","protected":false},"excerpt":{"rendered":"Workshop Programs Ayurvedic Cooking Workshop (April 15 - 19 \/ 2023) Ayurvedic Cooking Workshop 15 April Saturday - 19 April Wednesday With Pratap &nbsp; 3 Hours Ayurvedic Cooking Class Meditation Breathing Session Sound healing by David . . . &nbsp; Ayurveda means \u201cscience of life\u201d....","protected":false},"author":1,"featured_media":0,"parent":0,"menu_order":0,"comment_status":"closed","ping_status":"closed","template":"full-width.php","meta":{"footnotes":""},"class_list":["post-11133","page","type-page","status-publish","hentry"],"_links":{"self":[{"href":"https:\/\/whitelotusbodrum.com\/tr\/wp-json\/wp\/v2\/pages\/11133","targetHints":{"allow":["GET"]}}],"collection":[{"href":"https:\/\/whitelotusbodrum.com\/tr\/wp-json\/wp\/v2\/pages"}],"about":[{"href":"https:\/\/whitelotusbodrum.com\/tr\/wp-json\/wp\/v2\/types\/page"}],"author":[{"embeddable":true,"href":"https:\/\/whitelotusbodrum.com\/tr\/wp-json\/wp\/v2\/users\/1"}],"replies":[{"embeddable":true,"href":"https:\/\/whitelotusbodrum.com\/tr\/wp-json\/wp\/v2\/comments?post=11133"}],"version-history":[{"count":181,"href":"https:\/\/whitelotusbodrum.com\/tr\/wp-json\/wp\/v2\/pages\/11133\/revisions"}],"predecessor-version":[{"id":11449,"href":"https:\/\/whitelotusbodrum.com\/tr\/wp-json\/wp\/v2\/pages\/11133\/revisions\/11449"}],"wp:attachment":[{"href":"https:\/\/whitelotusbodrum.com\/tr\/wp-json\/wp\/v2\/media?parent=11133"}],"curies":[{"name":"wp","href":"https:\/\/api.w.org\/{rel}","templated":true}]}}